{"id":2581,"date":"2024-07-25T14:30:54","date_gmt":"2024-07-25T12:30:54","guid":{"rendered":"https:\/\/lejournaldesandy.fr\/?page_id=2581"},"modified":"2026-04-08T23:13:14","modified_gmt":"2026-04-08T21:13:14","slug":"juillet-2024","status":"publish","type":"page","link":"https:\/\/lejournaldesandy.fr\/?page_id=2581","title":{"rendered":"Juillet 2024"},"content":{"rendered":"\n<link rel=\"stylesheet\" href=\"https:\/\/cdnjs.cloudflare.com\/ajax\/libs\/font-awesome\/6.4.0\/css\/all.min.css\">\n\n<style>\n    \/* On cible uniquement le contenu de l'article\/page pour ne pas toucher au menu *\/\n    \/* .entry-content est la classe standard de WordPress pour le corps du texte *\/\n    \n    .entry-content p {\n      margin-bottom: 1.5em !important;\n      line-height: 2.0 !important; \/* Ton interligne a\u00e9r\u00e9 *\/\n      color: #4f4f4f;\n      font-family: Arial, sans-serif;\n    }\n\n    \/* On cible l'ic\u00f4ne UNIQUEMENT dans les paragraphes du contenu *\/\n    .entry-content p i {\n      color: #4f4f4f !important;   \n      font-size: 18px !important; \/* Retour \u00e0 18px pour plus de finesse *\/\n      margin-right: 10px;       \n      vertical-align: middle;   \n    }\n\n    .entry-content h1, \n    .entry-content h2 {\n      margin-bottom: 0.6em !important;\n      color: #4f4f4f;\n    }\n\n    .entry-content li {\n      margin-bottom: 1.2em !important;\n      line-height: 1.6 !important;\n    }\n\n    .entry-content ul {\n      padding-left: 1.5rem !important;\n    }\n\n    \/* On supprime TOUT style sur body\/header qui pourrait tout d\u00e9caler *\/\n    body {\n      background: transparent; \n    }\n<\/style>\n\n\n<div style=\"height:100px\" aria-hidden=\"true\" class=\"wp-block-spacer\"><\/div>\n\n\n<div class=\"wp-block-image\">\n<figure class=\"aligncenter size-full\"><img data-recalc-dims=\"1\" loading=\"lazy\" decoding=\"async\" width=\"593\" height=\"107\" src=\"https:\/\/i0.wp.com\/lejournaldesandy.fr\/wp-content\/uploads\/2024\/02\/trait-deco1.2.png?resize=593%2C107&#038;ssl=1\" alt=\"\" class=\"wp-image-1960\" srcset=\"https:\/\/i0.wp.com\/lejournaldesandy.fr\/wp-content\/uploads\/2024\/02\/trait-deco1.2.png?w=593&amp;ssl=1 593w, https:\/\/i0.wp.com\/lejournaldesandy.fr\/wp-content\/uploads\/2024\/02\/trait-deco1.2.png?resize=300%2C54&amp;ssl=1 300w\" sizes=\"auto, (max-width: 593px) 100vw, 593px\" \/><\/figure>\n<\/div>\n\n\n<div style=\"height:100px\" aria-hidden=\"true\" class=\"wp-block-spacer\"><\/div>\n\n\n\n<div class=\"mon-histoire-bloc\" style=\"max-width: 1200px; margin: 40px auto; background-color: #fff5f8; border-left: 5px solid #ff33ed; padding: 35px; border-radius: 20px; box-shadow: 0 4px 15px rgba(0,0,0,0.2); font-family: 'Helvetica Neue', Arial, sans-serif; line-height: 1.8; color: #333;\">\n\n    <h3 style=\"color: #6a1b9a; margin-top: 0; text-align: center;\">\ud83d\uddd3\ufe0f Juillet 2024<\/h3>\n    <p style=\"text-align: center; color: #666; font-style: italic;\"><i class=\"fa-solid fa-stopwatch\"><\/i> Temp de lecture: 5 \u00e0 6 minutes<\/p>\n\n    <h2 style=\"color: #6a1b9a; border-bottom: 2px solid #ffd7fb; padding-bottom: 5px;\">Mercredi 03<\/h2>\n    <p>Deux rendez-vous importants en cette journ\u00e9e. Tout d&rsquo;abord et non des moindres, je revois mon chirurgien suite \u00e0 mon augmentation mammaire. Cinq mois se sont \u00e9coul\u00e9s depuis mon intervention, et c&rsquo;est mon deuxi\u00e8me contr\u00f4le. Je suis bien \u00e9videmment oblig\u00e9 de lui parler de mon accident, et des fortes douleurs que j&rsquo;ai eues suite \u00e0 celui-ci.<\/p>\n    \n    <ul style=\"list-style-type: none; padding: 0; margin: 20px 0;\">\n        <li style=\"background: #fff; padding: 20px; border-radius: 20px; margin-bottom: 15px; border-left: 4px solid #ffd7fb;\">\n            Une v\u00e9rification par palpation est effectu\u00e9e et il me rassure sur l&rsquo;\u00e9tat de mes proth\u00e8ses. Il est entre autres tr\u00e8s satisfait de l&rsquo;avancement de ma cicatrisation. L&rsquo;oed\u00e8me s&rsquo;est totalement r\u00e9sorb\u00e9 et le r\u00e9sultat visuel est plus que satisfaisant. Il me propose \u00e9galement de me faire une petite reprise de ma cicatrice au menton lors de notre prochain rendez-vous qu&rsquo;il me fixe pour mars 2025.\n        <\/li>\n    <\/ul>\n\n    <p>Suite de la journ\u00e9e, c&rsquo;est \u00e0 la facult\u00e9 dentaire de l&rsquo;h\u00f4pital de rangueil. Deux mois sont pass\u00e9s depuis mon accident. Le chirurgien v\u00e9rifie l&rsquo;\u00e9tat de la fracture. Apr\u00e8s une radio de contr\u00f4le, il m&rsquo;est alors annonc\u00e9 que la contention va m&rsquo;\u00eatre retir\u00e9e, une tr\u00e8s bonne nouvelle&#8230; M\u00eame s&rsquo;il m&rsquo;est demand\u00e9 de faire attention durant encore quelque temps. Apr\u00e8s environ deux heures de soins, je rentre chez moi, avec l&rsquo;incisive qui avait cass\u00e9, refaite et un prochain rendez-vous apr\u00e8s les vacances, en septembre.<\/p>\n    <p>Bilan de cette journ\u00e9e, tr\u00e8s positive, car apr\u00e8s une p\u00e9riode tr\u00e8s agit\u00e9e, enfin une accalmie pointe le bout de son nez.<\/p>\n\n    <h2 style=\"color: #6a1b9a; border-bottom: 2px solid #ffd7fb; padding-bottom: 5px; margin-top: 40px;\">\ud83c\udf1e Samedi 20 au mercredi 24 \ud83c\udf1e<\/h2>\n    <p>Voil\u00e0 un \u00e9v\u00e8nement qui n&rsquo;\u00e9tait pas au programme des vacances, mais qui m&rsquo;a fait le plus grand bien. Une amie a lou\u00e9 un paillon \u00e0 Vieux-Boucau dans les Landes et m&rsquo;a fait la proposition de venir y passer quelques jours. Samedi matin, vers huit heures, je prends donc la route. Le lieu est idyllique \ud83d\udc95, situ\u00e9 dans une pin\u00e8de, non loin du centre-ville et de la plage.<\/p>\n    \n    <ul style=\"list-style-type: none; padding: 0; margin: 20px 0;\">\n        <li style=\"background: #fff; padding: 20px; border-radius: 20px; margin-bottom: 15px; border-left: 4px solid #ffd7fb;\">\n            L&rsquo;oc\u00e9an, justement, voici bien des ann\u00e9es que je ne l&rsquo;avais pas vu. La plage s&rsquo;\u00e9tend \u00e0 perte de vue, l&rsquo;eau avec sa ligne d&rsquo;horizon qui nous rappelle combien nous sommes tout petits \u00e0 c\u00f4t\u00e9&#8230; L&rsquo;air, frais et pur, une cure de jouvence&#8230; Je profite un petit moment de l&rsquo;eau avant de rejoindre ma serviette pour me d\u00e9tendre.\n        <\/li>\n    <\/ul>\n\n    <p>Dimanche, c&rsquo;est un ciel couvert, mais aucune importance, nous profitons du centre-ville et de ses rues commer\u00e7antes. Nous finissons par trouver une \u00e9choppe qui aborde des tarifs convenables. Tr\u00e8s vite, mon amie fait des essais et apr\u00e8s plusieurs tentatives, porte son choix sur une robe longue. L&rsquo;imprim\u00e9 du tissu est sublime, mais pour moi, ce sera un pantalon large du m\u00eame effet. La d\u00e9cision finale se portera en robe courte pour toute les deux. \ud83d\udc83<\/p>\n\n    <p>Lundi. Je suis la premi\u00e8re debout, la maison se r\u00e9veille tout doucement. Nous prenons ensemble un bon petit d\u00e9jeuner sur la terrasse \u00e0 la douceur du soleil qui se l\u00e8ve. J&rsquo;enchaine sur mon rendez-vous en visio pour mon mal de gorge et je file en ville r\u00e9cup\u00e9rer mon traitement. Une belle apr\u00e8s-midi qui va me laisser quelques traces, un joli coup de soleil sur le dos et les bras \ud83d\ude02&#8230; <\/p>\n\n    <ul style=\"list-style-type: none; padding: 0; margin: 20px 0;\">\n        <li style=\"background: #fff; padding: 20px; border-radius: 20px; margin-bottom: 15px; border-left: 4px solid #ffd7fb;\">\n            Mardi. Cette journ\u00e9e va \u00eatre plus calme, la journ\u00e9e de la veille a laiss\u00e9 quelques traces. \ud83c\udf1e Nous allons simplement nous rendre \u00e0 la plage durant un bon moment. Mon amie profite de l&rsquo;eau, la petite famille joue, moi, je suis en mode farniente sous le parasol, berc\u00e9 par le bruit des vagues. \n        <\/li>\n    <\/ul>\n\n    <p>Mercredi. La fin de mon s\u00e9jour pointe le bout de son nez. Une derni\u00e8re vir\u00e9e \u00e0 la plage s&rsquo;impose. Un ap\u00e9ro, une bonne grillade, une petite sieste, je regroupe mes affaires, et vers 16 h 00, je prends la route direction Albi. Je roule tranquillement, triste de devoir rentrer, mais je travaille le lendemain. Tr\u00e8s vite, je me rends compte que j&rsquo;ai oubli\u00e9 ma gourde, mes affaires de douche et quelques v\u00eatements.<\/p>\n\n    <div style=\"background: #ffd7fb; padding: 20px; border-radius: 20px; border: 2px dashed #ff33ed; margin-top: 30px;\">\n        <p style=\"margin: 0;\">Je ne suis pas \u00e9tonn\u00e9e, je rentre chez moi la t\u00eate totalement vid\u00e9e, aucune pointe de stress \u00e0 l&rsquo;horizon. Ce s\u00e9jour m&rsquo;a fait le plus grand bien, preuve en est&#8230; \ud83d\ude4f\ud83d\udc95<\/p>\n        <p style=\"text-align: right; margin-top: 15px; font-weight: bold; color: #d63384;\">Sandy&#8230;.\ud83d\udc95<\/p>\n    <\/div>\n\n<\/div>\n\n\n<div style=\"height:100px\" aria-hidden=\"true\" class=\"wp-block-spacer\"><\/div>\n\n\n\n<div class=\"wp-block-buttons is-content-justification-center is-layout-flex wp-container-core-buttons-is-layout-fe48e5de wp-block-buttons-is-layout-flex\">\n<div class=\"wp-block-button is-style-outline is-style-outline--1\"><a class=\"wp-block-button__link has-text-align-center wp-element-button\" href=\"https:\/\/lejournaldesandy.fr\/?page_id=2482\">Pr\u00e9c\u00e9dent<\/a><\/div>\n\n\n\n<div class=\"wp-block-button is-style-outline is-style-outline--2\"><a class=\"wp-block-button__link wp-element-button\" href=\"https:\/\/lejournaldesandy.fr\/?page_id=2741\">  Suivant  <\/a><\/div>\n<\/div>\n\n\n<div class=\"wp-block-image\">\n<figure class=\"aligncenter size-full\"><img data-recalc-dims=\"1\" loading=\"lazy\" decoding=\"async\" width=\"593\" height=\"107\" src=\"https:\/\/i0.wp.com\/lejournaldesandy.fr\/wp-content\/uploads\/2024\/02\/trait-deco1.4.png?resize=593%2C107&#038;ssl=1\" alt=\"\" class=\"wp-image-1966\" srcset=\"https:\/\/i0.wp.com\/lejournaldesandy.fr\/wp-content\/uploads\/2024\/02\/trait-deco1.4.png?w=593&amp;ssl=1 593w, https:\/\/i0.wp.com\/lejournaldesandy.fr\/wp-content\/uploads\/2024\/02\/trait-deco1.4.png?resize=300%2C54&amp;ssl=1 300w\" sizes=\"auto, (max-width: 593px) 100vw, 593px\" \/><\/figure>\n<\/div>\n\n<div class=\"wp-block-image\">\n<figure class=\"aligncenter size-full is-resized zoom-hover\"><a href=\"https:\/\/lejournaldesandy.fr\/\"><img data-recalc-dims=\"1\" loading=\"lazy\" decoding=\"async\" width=\"170\" height=\"170\" src=\"https:\/\/i0.wp.com\/lejournaldesandy.fr\/wp-content\/uploads\/2024\/02\/cropped-logo-170x170-1.png?resize=170%2C170&#038;ssl=1\" alt=\"\" class=\"wp-image-1057\" style=\"width:170px;height:auto\" srcset=\"https:\/\/i0.wp.com\/lejournaldesandy.fr\/wp-content\/uploads\/2024\/02\/cropped-logo-170x170-1.png?w=170&amp;ssl=1 170w, https:\/\/i0.wp.com\/lejournaldesandy.fr\/wp-content\/uploads\/2024\/02\/cropped-logo-170x170-1.png?resize=150%2C150&amp;ssl=1 150w\" sizes=\"auto, (max-width: 170px) 100vw, 170px\" \/><\/a><\/figure>\n<\/div>\n\n<div class=\"wpforms-container wpforms-container-full wpforms-block wpforms-block-8cca929c-58fd-401b-aee2-43cac51730b3 wpforms-render-modern\" id=\"wpforms-1680\"><form id=\"wpforms-form-1680\" class=\"wpforms-validate wpforms-form wpforms-ajax-form\" data-formid=\"1680\" method=\"post\" enctype=\"multipart\/form-data\" action=\"\/index.php?rest_route=%2Fwp%2Fv2%2Fpages%2F2581\" data-token=\"e67ff2a1474d1f9e45ed005ff24155cd\" data-token-time=\"1777299178\"><noscript class=\"wpforms-error-noscript\">Veuillez activer JavaScript dans votre navigateur pour remplir ce formulaire.<\/noscript><div id=\"wpforms-error-noscript\" style=\"display: none;\">Veuillez activer JavaScript dans votre navigateur pour remplir ce formulaire.<\/div><div class=\"wpforms-field-container\"><div id=\"wpforms-1680-field_0-container\" class=\"wpforms-field wpforms-field-name body font-family comic sans ms\" data-field-id=\"0\"><fieldset><legend class=\"wpforms-field-label\">Pr\u00e9nom et nom<\/legend><div class=\"wpforms-field-row wpforms-field-medium\"><div class=\"wpforms-field-row-block wpforms-first wpforms-one-half\"><input type=\"text\" id=\"wpforms-1680-field_0\" class=\"wpforms-field-name-first\" name=\"wpforms[fields][0][first]\" aria-errormessage=\"wpforms-1680-field_0-error\" ><label for=\"wpforms-1680-field_0\" class=\"wpforms-field-sublabel after\">Pr\u00e9nom<\/label><\/div><div class=\"wpforms-field-row-block wpforms-one-half\"><input type=\"text\" id=\"wpforms-1680-field_0-last\" class=\"wpforms-field-name-last\" name=\"wpforms[fields][0][last]\" aria-errormessage=\"wpforms-1680-field_0-last-error\" ><label for=\"wpforms-1680-field_0-last\" class=\"wpforms-field-sublabel after\">Nom<\/label><\/div><\/div><\/fieldset><\/div><div id=\"wpforms-1680-field_4-container\" class=\"wpforms-field wpforms-field-text\" data-field-id=\"4\"><label class=\"wpforms-field-label\" for=\"wpforms-1680-field_4\">Pseudo<\/label><input type=\"text\" id=\"wpforms-1680-field_4\" class=\"wpforms-field-medium\" name=\"wpforms[fields][4]\" aria-errormessage=\"wpforms-1680-field_4-error\" ><\/div><div id=\"wpforms-1680-field_1-container\" class=\"wpforms-field wpforms-field-email body font-family comic sans ms\" data-field-id=\"1\"><label class=\"wpforms-field-label\" for=\"wpforms-1680-field_1\">Email <span class=\"wpforms-required-label\" aria-hidden=\"true\">*<\/span><\/label><input type=\"email\" id=\"wpforms-1680-field_1\" class=\"wpforms-field-medium wpforms-field-required\" name=\"wpforms[fields][1]\" spellcheck=\"false\" aria-errormessage=\"wpforms-1680-field_1-error\" required><\/div><div id=\"wpforms-1680-field_2-container\" class=\"wpforms-field wpforms-field-textarea body font-family comic sans ms\" data-field-id=\"2\"><label class=\"wpforms-field-label\" for=\"wpforms-1680-field_2\">Commentaire ou Message <span class=\"wpforms-required-label\" aria-hidden=\"true\">*<\/span><\/label><textarea id=\"wpforms-1680-field_2\" class=\"wpforms-field-medium wpforms-field-required\" name=\"wpforms[fields][2]\" aria-errormessage=\"wpforms-1680-field_2-error\" required><\/textarea><\/div><\/div><!-- .wpforms-field-container --><div class=\"wpforms-submit-container\" ><input type=\"hidden\" name=\"wpforms[id]\" value=\"1680\"><input type=\"hidden\" name=\"page_title\" value=\"\"><input type=\"hidden\" name=\"page_url\" value=\"https:\/\/lejournaldesandy.fr\/index.php?rest_route=\/wp\/v2\/pages\/2581\"><input type=\"hidden\" name=\"url_referer\" value=\"\"><button type=\"submit\" name=\"wpforms[submit]\" id=\"wpforms-submit-1680\" class=\"wpforms-submit\" data-alt-text=\"Sending...\" data-submit-text=\"envoyer\" aria-live=\"assertive\" value=\"wpforms-submit\">envoyer<\/button><img loading=\"lazy\" decoding=\"async\" src=\"https:\/\/lejournaldesandy.fr\/wp-content\/plugins\/wpforms-lite\/assets\/images\/submit-spin.svg\" class=\"wpforms-submit-spinner\" style=\"display: none;\" width=\"26\" height=\"26\" alt=\"Chargement en cours\"><\/div><\/form><\/div>  <!-- .wpforms-container -->","protected":false},"excerpt":{"rendered":"<p>\ud83d\uddd3\ufe0f Juillet 2024 Temp de lecture: 5 \u00e0 6 minutes Mercredi 03 Deux rendez-vous importants en cette journ\u00e9e. Tout d&rsquo;abord et non des moindres, je revois mon chirurgien suite \u00e0 mon augmentation mammaire. Cinq mois se sont \u00e9coul\u00e9s depuis mon intervention, et c&rsquo;est mon deuxi\u00e8me contr\u00f4le. Je suis bien \u00e9videmment oblig\u00e9 de lui parler de&hellip; <br \/> <a class=\"read-more\" href=\"https:\/\/lejournaldesandy.fr\/?page_id=2581\">Lire la suite<\/a><\/p>\n","protected":false},"author":1,"featured_media":0,"parent":623,"menu_order":7,"comment_status":"closed","ping_status":"closed","template":"","meta":{"_crdt_document":"","footnotes":""},"class_list":["post-2581","page","type-page","status-publish","hentry"],"yoast_head":"<!-- This site is optimized with the Yoast SEO plugin v27.4 - https:\/\/yoast.com\/product\/yoast-seo-wordpress\/ -->\n<title>Juillet 2024 - le journal de Sandy<\/title>\n<meta name=\"description\" content=\"En cette p\u00e9riode de vacances, encore quelques rendez-vous m\u00e9dicaux, mais retrouvez \u00e9galement mon s\u00e9jour au pays basque.\" \/>\n<meta name=\"robots\" content=\"index, follow, max-snippet:-1, max-image-preview:large, max-video-preview:-1\" \/>\n<link rel=\"canonical\" href=\"https:\/\/lejournaldesandy.fr\/?page_id=2581\" \/>\n<meta property=\"og:locale\" content=\"fr_FR\" \/>\n<meta property=\"og:type\" content=\"article\" \/>\n<meta property=\"og:title\" content=\"Juillet 2024 - le journal de Sandy\" \/>\n<meta property=\"og:description\" content=\"En cette p\u00e9riode de vacances, encore quelques rendez-vous m\u00e9dicaux, mais retrouvez \u00e9galement mon s\u00e9jour au pays basque.\" \/>\n<meta property=\"og:url\" content=\"https:\/\/lejournaldesandy.fr\/?page_id=2581\" \/>\n<meta property=\"og:site_name\" content=\"le journal de Sandy\" \/>\n<meta property=\"article:modified_time\" content=\"2026-04-08T21:13:14+00:00\" \/>\n<meta property=\"og:image\" content=\"https:\/\/lejournaldesandy.fr\/wp-content\/uploads\/2024\/02\/trait-deco1.2.png\" \/>\n<meta name=\"twitter:card\" content=\"summary_large_image\" \/>\n<meta name=\"twitter:label1\" content=\"Dur\u00e9e de lecture estim\u00e9e\" \/>\n\t<meta name=\"twitter:data1\" content=\"5 minutes\" \/>\n<script type=\"application\/ld+json\" class=\"yoast-schema-graph\">{\"@context\":\"https:\\\/\\\/schema.org\",\"@graph\":[{\"@type\":\"WebPage\",\"@id\":\"https:\\\/\\\/lejournaldesandy.fr\\\/?page_id=2581\",\"url\":\"https:\\\/\\\/lejournaldesandy.fr\\\/?page_id=2581\",\"name\":\"Juillet 2024 - le journal de Sandy\",\"isPartOf\":{\"@id\":\"https:\\\/\\\/lejournaldesandy.fr\\\/#website\"},\"primaryImageOfPage\":{\"@id\":\"https:\\\/\\\/lejournaldesandy.fr\\\/?page_id=2581#primaryimage\"},\"image\":{\"@id\":\"https:\\\/\\\/lejournaldesandy.fr\\\/?page_id=2581#primaryimage\"},\"thumbnailUrl\":\"https:\\\/\\\/lejournaldesandy.fr\\\/wp-content\\\/uploads\\\/2024\\\/02\\\/trait-deco1.2.png\",\"datePublished\":\"2024-07-25T12:30:54+00:00\",\"dateModified\":\"2026-04-08T21:13:14+00:00\",\"description\":\"En cette p\u00e9riode de vacances, encore quelques rendez-vous m\u00e9dicaux, mais retrouvez \u00e9galement mon s\u00e9jour au pays basque.\",\"breadcrumb\":{\"@id\":\"https:\\\/\\\/lejournaldesandy.fr\\\/?page_id=2581#breadcrumb\"},\"inLanguage\":\"fr-FR\",\"potentialAction\":[{\"@type\":\"ReadAction\",\"target\":[\"https:\\\/\\\/lejournaldesandy.fr\\\/?page_id=2581\"]}]},{\"@type\":\"ImageObject\",\"inLanguage\":\"fr-FR\",\"@id\":\"https:\\\/\\\/lejournaldesandy.fr\\\/?page_id=2581#primaryimage\",\"url\":\"https:\\\/\\\/i0.wp.com\\\/lejournaldesandy.fr\\\/wp-content\\\/uploads\\\/2024\\\/02\\\/trait-deco1.2.png?fit=593%2C107&ssl=1\",\"contentUrl\":\"https:\\\/\\\/i0.wp.com\\\/lejournaldesandy.fr\\\/wp-content\\\/uploads\\\/2024\\\/02\\\/trait-deco1.2.png?fit=593%2C107&ssl=1\",\"width\":593,\"height\":107},{\"@type\":\"BreadcrumbList\",\"@id\":\"https:\\\/\\\/lejournaldesandy.fr\\\/?page_id=2581#breadcrumb\",\"itemListElement\":[{\"@type\":\"ListItem\",\"position\":1,\"name\":\"Accueil\",\"item\":\"https:\\\/\\\/lejournaldesandy.fr\\\/\"},{\"@type\":\"ListItem\",\"position\":2,\"name\":\"Au fil de mes pens\u00e9es\",\"item\":\"https:\\\/\\\/lejournaldesandy.fr\\\/?page_id=30\"},{\"@type\":\"ListItem\",\"position\":3,\"name\":\"2024\",\"item\":\"https:\\\/\\\/lejournaldesandy.fr\\\/?page_id=623\"},{\"@type\":\"ListItem\",\"position\":4,\"name\":\"Juillet 2024\"}]},{\"@type\":\"WebSite\",\"@id\":\"https:\\\/\\\/lejournaldesandy.fr\\\/#website\",\"url\":\"https:\\\/\\\/lejournaldesandy.fr\\\/\",\"name\":\"le journal de Sandy\",\"description\":\"biographie; transition; MtF\",\"publisher\":{\"@id\":\"https:\\\/\\\/lejournaldesandy.fr\\\/#\\\/schema\\\/person\\\/3ac659e98587e504c234a67a929b1c43\"},\"potentialAction\":[{\"@type\":\"SearchAction\",\"target\":{\"@type\":\"EntryPoint\",\"urlTemplate\":\"https:\\\/\\\/lejournaldesandy.fr\\\/?s={search_term_string}\"},\"query-input\":{\"@type\":\"PropertyValueSpecification\",\"valueRequired\":true,\"valueName\":\"search_term_string\"}}],\"inLanguage\":\"fr-FR\"},{\"@type\":[\"Person\",\"Organization\"],\"@id\":\"https:\\\/\\\/lejournaldesandy.fr\\\/#\\\/schema\\\/person\\\/3ac659e98587e504c234a67a929b1c43\",\"name\":\"Sandy\",\"image\":{\"@type\":\"ImageObject\",\"inLanguage\":\"fr-FR\",\"@id\":\"https:\\\/\\\/i0.wp.com\\\/lejournaldesandy.fr\\\/wp-content\\\/uploads\\\/2023\\\/12\\\/cropped-Logo-2048-Copie-Petite-Icone-site.png?fit=512%2C512&ssl=1\",\"url\":\"https:\\\/\\\/i0.wp.com\\\/lejournaldesandy.fr\\\/wp-content\\\/uploads\\\/2023\\\/12\\\/cropped-Logo-2048-Copie-Petite-Icone-site.png?fit=512%2C512&ssl=1\",\"contentUrl\":\"https:\\\/\\\/i0.wp.com\\\/lejournaldesandy.fr\\\/wp-content\\\/uploads\\\/2023\\\/12\\\/cropped-Logo-2048-Copie-Petite-Icone-site.png?fit=512%2C512&ssl=1\",\"width\":512,\"height\":512,\"caption\":\"Sandy\"},\"logo\":{\"@id\":\"https:\\\/\\\/i0.wp.com\\\/lejournaldesandy.fr\\\/wp-content\\\/uploads\\\/2023\\\/12\\\/cropped-Logo-2048-Copie-Petite-Icone-site.png?fit=512%2C512&ssl=1\"},\"sameAs\":[\"http:\\\/\\\/lejournaldesandy.fr\"]}]}<\/script>\n<!-- \/ Yoast SEO plugin. -->","yoast_head_json":{"title":"Juillet 2024 - le journal de Sandy","description":"En cette p\u00e9riode de vacances, encore quelques rendez-vous m\u00e9dicaux, mais retrouvez \u00e9galement mon s\u00e9jour au pays basque.","robots":{"index":"index","follow":"follow","max-snippet":"max-snippet:-1","max-image-preview":"max-image-preview:large","max-video-preview":"max-video-preview:-1"},"canonical":"https:\/\/lejournaldesandy.fr\/?page_id=2581","og_locale":"fr_FR","og_type":"article","og_title":"Juillet 2024 - le journal de Sandy","og_description":"En cette p\u00e9riode de vacances, encore quelques rendez-vous m\u00e9dicaux, mais retrouvez \u00e9galement mon s\u00e9jour au pays basque.","og_url":"https:\/\/lejournaldesandy.fr\/?page_id=2581","og_site_name":"le journal de Sandy","article_modified_time":"2026-04-08T21:13:14+00:00","og_image":[{"url":"https:\/\/lejournaldesandy.fr\/wp-content\/uploads\/2024\/02\/trait-deco1.2.png","type":"","width":"","height":""}],"twitter_card":"summary_large_image","twitter_misc":{"Dur\u00e9e de lecture estim\u00e9e":"5 minutes"},"schema":{"@context":"https:\/\/schema.org","@graph":[{"@type":"WebPage","@id":"https:\/\/lejournaldesandy.fr\/?page_id=2581","url":"https:\/\/lejournaldesandy.fr\/?page_id=2581","name":"Juillet 2024 - le journal de Sandy","isPartOf":{"@id":"https:\/\/lejournaldesandy.fr\/#website"},"primaryImageOfPage":{"@id":"https:\/\/lejournaldesandy.fr\/?page_id=2581#primaryimage"},"image":{"@id":"https:\/\/lejournaldesandy.fr\/?page_id=2581#primaryimage"},"thumbnailUrl":"https:\/\/lejournaldesandy.fr\/wp-content\/uploads\/2024\/02\/trait-deco1.2.png","datePublished":"2024-07-25T12:30:54+00:00","dateModified":"2026-04-08T21:13:14+00:00","description":"En cette p\u00e9riode de vacances, encore quelques rendez-vous m\u00e9dicaux, mais retrouvez \u00e9galement mon s\u00e9jour au pays basque.","breadcrumb":{"@id":"https:\/\/lejournaldesandy.fr\/?page_id=2581#breadcrumb"},"inLanguage":"fr-FR","potentialAction":[{"@type":"ReadAction","target":["https:\/\/lejournaldesandy.fr\/?page_id=2581"]}]},{"@type":"ImageObject","inLanguage":"fr-FR","@id":"https:\/\/lejournaldesandy.fr\/?page_id=2581#primaryimage","url":"https:\/\/i0.wp.com\/lejournaldesandy.fr\/wp-content\/uploads\/2024\/02\/trait-deco1.2.png?fit=593%2C107&ssl=1","contentUrl":"https:\/\/i0.wp.com\/lejournaldesandy.fr\/wp-content\/uploads\/2024\/02\/trait-deco1.2.png?fit=593%2C107&ssl=1","width":593,"height":107},{"@type":"BreadcrumbList","@id":"https:\/\/lejournaldesandy.fr\/?page_id=2581#breadcrumb","itemListElement":[{"@type":"ListItem","position":1,"name":"Accueil","item":"https:\/\/lejournaldesandy.fr\/"},{"@type":"ListItem","position":2,"name":"Au fil de mes pens\u00e9es","item":"https:\/\/lejournaldesandy.fr\/?page_id=30"},{"@type":"ListItem","position":3,"name":"2024","item":"https:\/\/lejournaldesandy.fr\/?page_id=623"},{"@type":"ListItem","position":4,"name":"Juillet 2024"}]},{"@type":"WebSite","@id":"https:\/\/lejournaldesandy.fr\/#website","url":"https:\/\/lejournaldesandy.fr\/","name":"le journal de Sandy","description":"biographie; transition; MtF","publisher":{"@id":"https:\/\/lejournaldesandy.fr\/#\/schema\/person\/3ac659e98587e504c234a67a929b1c43"},"potentialAction":[{"@type":"SearchAction","target":{"@type":"EntryPoint","urlTemplate":"https:\/\/lejournaldesandy.fr\/?s={search_term_string}"},"query-input":{"@type":"PropertyValueSpecification","valueRequired":true,"valueName":"search_term_string"}}],"inLanguage":"fr-FR"},{"@type":["Person","Organization"],"@id":"https:\/\/lejournaldesandy.fr\/#\/schema\/person\/3ac659e98587e504c234a67a929b1c43","name":"Sandy","image":{"@type":"ImageObject","inLanguage":"fr-FR","@id":"https:\/\/i0.wp.com\/lejournaldesandy.fr\/wp-content\/uploads\/2023\/12\/cropped-Logo-2048-Copie-Petite-Icone-site.png?fit=512%2C512&ssl=1","url":"https:\/\/i0.wp.com\/lejournaldesandy.fr\/wp-content\/uploads\/2023\/12\/cropped-Logo-2048-Copie-Petite-Icone-site.png?fit=512%2C512&ssl=1","contentUrl":"https:\/\/i0.wp.com\/lejournaldesandy.fr\/wp-content\/uploads\/2023\/12\/cropped-Logo-2048-Copie-Petite-Icone-site.png?fit=512%2C512&ssl=1","width":512,"height":512,"caption":"Sandy"},"logo":{"@id":"https:\/\/i0.wp.com\/lejournaldesandy.fr\/wp-content\/uploads\/2023\/12\/cropped-Logo-2048-Copie-Petite-Icone-site.png?fit=512%2C512&ssl=1"},"sameAs":["http:\/\/lejournaldesandy.fr"]}]}},"jetpack_sharing_enabled":true,"jetpack_likes_enabled":true,"_links":{"self":[{"href":"https:\/\/lejournaldesandy.fr\/index.php?rest_route=\/wp\/v2\/pages\/2581","targetHints":{"allow":["GET"]}}],"collection":[{"href":"https:\/\/lejournaldesandy.fr\/index.php?rest_route=\/wp\/v2\/pages"}],"about":[{"href":"https:\/\/lejournaldesandy.fr\/index.php?rest_route=\/wp\/v2\/types\/page"}],"author":[{"embeddable":true,"href":"https:\/\/lejournaldesandy.fr\/index.php?rest_route=\/wp\/v2\/users\/1"}],"replies":[{"embeddable":true,"href":"https:\/\/lejournaldesandy.fr\/index.php?rest_route=%2Fwp%2Fv2%2Fcomments&post=2581"}],"version-history":[{"count":16,"href":"https:\/\/lejournaldesandy.fr\/index.php?rest_route=\/wp\/v2\/pages\/2581\/revisions"}],"predecessor-version":[{"id":4123,"href":"https:\/\/lejournaldesandy.fr\/index.php?rest_route=\/wp\/v2\/pages\/2581\/revisions\/4123"}],"up":[{"embeddable":true,"href":"https:\/\/lejournaldesandy.fr\/index.php?rest_route=\/wp\/v2\/pages\/623"}],"wp:attachment":[{"href":"https:\/\/lejournaldesandy.fr\/index.php?rest_route=%2Fwp%2Fv2%2Fmedia&parent=2581"}],"curies":[{"name":"wp","href":"https:\/\/api.w.org\/{rel}","templated":true}]}}