{"id":673,"date":"2024-01-19T15:58:37","date_gmt":"2024-01-19T14:58:37","guid":{"rendered":"https:\/\/lejournaldesandy.fr\/?page_id=673"},"modified":"2026-04-08T19:31:01","modified_gmt":"2026-04-08T17:31:01","slug":"my-life-part-1","status":"publish","type":"page","link":"https:\/\/lejournaldesandy.fr\/?page_id=673","title":{"rendered":"My life Part 1"},"content":{"rendered":"<link rel=\"stylesheet\" href=\"https:\/\/cdnjs.cloudflare.com\/ajax\/libs\/font-awesome\/6.4.0\/css\/all.min.css\">\n\n<style>\n    \/* On cible uniquement le contenu de l'article\/page pour ne pas toucher au menu *\/\n    \/* .entry-content est la classe standard de WordPress pour le corps du texte *\/\n    \n    .entry-content p {\n      margin-bottom: 1.5em !important;\n      line-height: 2.0 !important; \/* Ton interligne a\u00e9r\u00e9 *\/\n      color: #4f4f4f;\n      font-family: Arial, sans-serif;\n    }\n\n    \/* On cible l'ic\u00f4ne UNIQUEMENT dans les paragraphes du contenu *\/\n    .entry-content p i {\n      color: #4f4f4f !important;   \n      font-size: 18px !important; \/* Retour \u00e0 18px pour plus de finesse *\/\n      margin-right: 10px;       \n      vertical-align: middle;   \n    }\n\n    .entry-content h1, \n    .entry-content h2 {\n      margin-bottom: 0.6em !important;\n      color: #4f4f4f;\n    }\n\n    .entry-content li {\n      margin-bottom: 1.2em !important;\n      line-height: 1.6 !important;\n    }\n\n    .entry-content ul {\n      padding-left: 1.5rem !important;\n    }\n\n    \/* On supprime TOUT style sur body\/header qui pourrait tout d\u00e9caler *\/\n    body {\n      background: transparent; \n    }\n<\/style>\n\n\n<div style=\"height:100px\" aria-hidden=\"true\" class=\"wp-block-spacer\"><\/div>\n\n\n\n<div style=\"height:100px\" aria-hidden=\"true\" class=\"wp-block-spacer\"><\/div>\n\n\n<div class=\"wp-block-image\">\n<figure class=\"aligncenter size-full\"><img data-recalc-dims=\"1\" loading=\"lazy\" decoding=\"async\" width=\"593\" height=\"107\" src=\"https:\/\/i0.wp.com\/lejournaldesandy.fr\/wp-content\/uploads\/2024\/02\/trait-deco1.2.png?resize=593%2C107&#038;ssl=1\" alt=\"\" class=\"wp-image-1960\" srcset=\"https:\/\/i0.wp.com\/lejournaldesandy.fr\/wp-content\/uploads\/2024\/02\/trait-deco1.2.png?w=593&amp;ssl=1 593w, https:\/\/i0.wp.com\/lejournaldesandy.fr\/wp-content\/uploads\/2024\/02\/trait-deco1.2.png?resize=300%2C54&amp;ssl=1 300w\" sizes=\"auto, (max-width: 593px) 100vw, 593px\" \/><\/figure>\n<\/div>\n\n\n<div style=\"height:100px\" aria-hidden=\"true\" class=\"wp-block-spacer\"><\/div>\n\n\n<p><i class=\"fa-solid fa-stopwatch\"><\/i>\u00a0Temp de lecture: 15 minutes<\/p>\n<div class=\"titre-cadre\">\n\n<h2 class=\"wp-block-heading\">My life Part 1<\/h2>\n\n\n\n<p class=\"wp-block-paragraph\"><br>On y est, en 1991, j&rsquo;obtiens mes dipl\u00f4mes et me voici propuls\u00e9 dans la vie active. J&rsquo;ai le permis depuis presque un an, j&rsquo;encha\u00eene les petits boulots en int\u00e9rim et les sorties en discoth\u00e8ques avec mon ami d&rsquo;enfance. Je gagne peu, mais \u00e0 cette \u00e9poque, avec 50 francs (soit environ 12\u20ac aujourd&rsquo;hui), tu passes des soir\u00e9es de folie.<\/p>\n\n\n\n<p class=\"wp-block-paragraph\">Mais rien ne change, mon rapport aux autres restes le m\u00eame. Je suis et reste incapable d&rsquo;aborder qui que ce soit. Je n&rsquo;ai toujours aucune confiance en moi, bien trop timide pour tenir un discours. Je suis ce genre de personne qui se met dans un coin et que tout le monde oublie tr\u00e8s vite. Ma pr\u00e9sence, personne ne la remarque, que je sois l\u00e0 o\u00f9 pas ne change rien. Je prends peu la parole, et m\u00eame si je me sens tellement d\u00e9sint\u00e9ressante, toujours et encore renferm\u00e9e sur moi-m\u00eame, il en sera ainsi jusqu&rsquo;\u00e0 il y a encore peu de temps\u2026<\/p>\n\n\n\n<p class=\"wp-block-paragraph\">C&rsquo;est en f\u00e9vrier 1992 que je quitte ma ville de naissance pour B\u00e9ziers. J&rsquo;y suis h\u00e9berg\u00e9 chez mon oncle et ma tante \u00e0 cette p\u00e9riode. J&rsquo;y trouve du travail dans un domaine agricole pour lequel j&rsquo;ai d\u00e9j\u00e0 fait les saisons plus jeune. Le travail y est dur, mais le salaire est en cons\u00e9quence, ce qui va me permettre d&rsquo;acheter ma premi\u00e8re voiture et, de ce fait, de gagner un peu en libert\u00e9.<\/p>\n\n\n\n<p class=\"wp-block-paragraph\">Je me fais rapidement quelques connaissances avec qui il m&rsquo;arrive de sortir le week-end. Les semaines, les mois, les saisons passent, nous voici en \u00e9t\u00e9, plus pr\u00e9cis\u00e9ment le vingt-huit ao\u00fbt. Invit\u00e9e par mes coll\u00e8gues de travail, nous sommes \u00e0 Montady, petit village proche de B\u00e9ziers, dans un bal. C&rsquo;est lors de cette soir\u00e9e que je vais rencontrer celle qui, par la suite, deviendra ma femme et la m\u00e8re de mes enfants. Nous tombons amoureux tr\u00e8s vite. Je commence par passer mes nuits, puis mes week-ends chez ses parents. Quelques mois plus tard, nous prendrons notre premier appartement situ\u00e9 dans le quartier HLM de la Dev\u00e8ze, dans le m\u00eame b\u00e2timent que ses parents.<\/p>\n\n\n\n<p class=\"wp-block-paragraph\">Mais c&rsquo;est sans compter sur mon c\u00f4t\u00e9 tr\u00e8s na\u00efve. Nous sommes \u00e0 quelques semaines d&rsquo;avoir notre appartement et nous faisons des projets de vie. Comme je suis pour le moment la seule \u00e0 travailler, nous nous rendons chez Conforama pour acheter un minimum de meubles pour notre futur logement. Je prends donc la \u00ab\u00a0m\u00e9ga\u00a0\u00bb carte de cr\u00e9dit \u00e0 la consommation, mais j&rsquo;assure mon r\u00f4le : c&rsquo;est moi qui paie\u2026<\/p>\n\n\n\n<p class=\"wp-block-paragraph\">\u00c0 cette p\u00e9riode, nous avons un groupe d&rsquo;amis avec qui nous nous retrouvons r\u00e9guli\u00e8rement sur les hauteurs de B\u00e9ziers afin de boire un verre ou deux. Et ce soir-l\u00e0, tout ne se passe pas comme pr\u00e9vu\u2026 Nous sommes en semaine, il est tard, je travaille le lendemain, je d\u00e9cide donc de la raccompagner chez ses parents. Nous avons tous un peu consomm\u00e9. Je la d\u00e9pose et rentre me coucher. Mais d\u00e8s le lendemain, \u00e0 mon retour, je sens bien que quelque chose cloche. Elle est distante, n&rsquo;ose \u00e0 peine m&#8217;embrasser, ne me regarde pas dans les yeux. Je comprends vite qu&rsquo;il se passe quelque chose\u2026<\/p>\n\n\n\n<p class=\"wp-block-paragraph\">Je la questionne pendant un long moment et finis par d\u00e9couvrir le pot aux roses. Suite \u00e0 mon d\u00e9part la veille, l&rsquo;un des membres du groupe lui a t\u00e9l\u00e9phon\u00e9. Il est repass\u00e9 la chercher, ils ont continu\u00e9 \u00e0 consommer de l&rsquo;alcool et, bien s\u00fbr, ils ont couch\u00e9 ensemble\u2026 Sur l&rsquo;instant, je reste sans voix. Certes, cela fait peu de temps que nous sommes \u00e0 deux, mais pour ma part, les projets que nous avons faits sont sinc\u00e8res. C&rsquo;est un coup de grace qu&rsquo;elle me porte. Elle s&rsquo;excuse autant qu&rsquo;elle peut, je suis sous le choc\u2026<\/p>\n\n\n\n<p class=\"wp-block-paragraph\">Quelques jours plus tard, la pression retombe entre nous, mais je n&rsquo;oublie pas pour autant. Je suis au travail (dans un centre auto \u00e0 cette p\u00e9riode) et, alors que je m&rsquo;occupe d&rsquo;un v\u00e9hicule, je vois la voiture de cette personne arriver. Sur l&rsquo;instant, mon sang ne fait qu&rsquo;un tour. J&rsquo;attrape un des d\u00e9monte-pneus du garage, je sors en furie. Il m&rsquo;aper\u00e7oit, acc\u00e9l\u00e8re, mais dans cet \u00e9lan, je jette le d\u00e9monte-pneu contre sa voiture. Celui-ci casse la vitre arri\u00e8re de son v\u00e9hicule et il dispara\u00eet\u2026<\/p>\n\n\n\n<p class=\"wp-block-paragraph\">Mais bien s\u00fbr, mes coll\u00e8gues et mon patron ont tous vu la sc\u00e8ne. Je me retrouve convoqu\u00e9e dans le bureau de ce dernier et je lui dois des explications. Malgr\u00e9 cette histoire, nous restons ensemble, continuons nos projets et nous installons dans notre premier logement \u00e0 la date pr\u00e9vue.<\/p>\n\n\n\n<p class=\"wp-block-paragraph\">C&rsquo;est donc \u00e0 cette m\u00eame p\u00e9riode que mes besoins de m&rsquo;habiller en fille, d&rsquo;\u00eatre \u00ab\u00a0MOI\u00a0\u00bb, ressurgissent au plus profond de moi, et c&rsquo;est reparti pour un tour\u2026 Lors de mes nuits d&rsquo;insomnie, de mes douches, je prends ses v\u00eatements, sa lingerie, et profite de ce temps pour \u00ab\u00a0MOI\u00a0\u00bb. Elle a un caract\u00e8re fort, elle fait partie du \u00ab\u00a0quartier\u00a0\u00bb. Je ne m&rsquo;imagine donc pas une seule seconde qu&rsquo;elle puisse accepter ma situation. Et quoi qu&rsquo;il en soit, je ne sais toujours pas moi-m\u00eame o\u00f9 j&rsquo;en suis, travestie, autre, aucune id\u00e9e. Je reste en pleine qu\u00eate de ma personnalit\u00e9.<\/p>\n\n\n\n<p class=\"wp-block-paragraph\"><br>Mais ce qui devait arriver, arriva. Voil\u00e0 \u00e0 peu pr\u00e8s un an que nous sommes ensemble. Je suis dans la salle de bain et j&rsquo;ai oubli\u00e9 de verrouiller la porte\u2026 Elle rentre, me trouve avec ses v\u00eatements. Contre toute attente, elle est tout aussi surprise, mais elle en rigole. Et du coup, je n&rsquo;ai d&rsquo;autre choix que de lui expliquer mon ressenti tout au long de ces ann\u00e9es, que je me sens femme, \u00ab\u00a0mais\u00a0\u00bb attir\u00e9e par les femmes\u2026 (du moins pour le moment).\ud83d\ude01<\/p>\n\n\n\n<p class=\"wp-block-paragraph\">Quelques jours passent, nous n&rsquo;en parlons absolument pas, comme si de rien n&rsquo;\u00e9tait. Je n&rsquo;ai pas non plus pris le risque de renouveler mes besoins, mais un soir, contre toute attente, alors que nous sommes en plein \u00e9bat amoureux, elle met un point d\u00e9cisif \u00e0 notre relation. Elle touche une partie de mon anatomie \u00e0 laquelle je ne m&rsquo;attends vraiment pas, et elle d\u00e9couvre de suite que j&rsquo;y prends \u00e9norm\u00e9ment de plaisir. \u00c0 compter de ce moment, nous allons reproduire r\u00e9guli\u00e8rement l&rsquo;acte, et s&rsquo;ensuit tr\u00e8s rapidement l&rsquo;achat du premier sextoy et de ma propre lingerie.<\/p>\n\n\n\n<p class=\"wp-block-paragraph\">Bien que ces moments privil\u00e9gi\u00e9s me fassent du bien, dans un autre sens, je vais petit \u00e0 petit m&rsquo;enfoncer dans un mal-\u00eatre qui ne va cesser de cro\u00eetre au fil des ann\u00e9es. Du fait de respecter ma femme, le bon vouloir de mes parents (\u00ab\u00a0se marier, avoir des enfants, une maison\u00a0\u00bb), mais sans m&rsquo;en rendre compte, c&rsquo;est \u00e0 \u00ab\u00a0moi-m\u00eame\u00a0\u00bb que je manque de respect\u2026<\/p>\n\n\n\n<p class=\"wp-block-paragraph\">Un rythme de croisi\u00e8re se pose, \u00e7a fait trois ans que nous sommes ensemble, et cette ann\u00e9e de 1995, deux couples d&rsquo;amis avec qui nous faisons ap\u00e9ro presque tous les week-ends se marient. Ma femme est un peu triste de notre situation, peut-\u00eatre un peu jalouse aussi&#8230;.. Lors d&rsquo;un ap\u00e9ro chez eux, elle me balance devant tout le monde, \u00ab\u00a0bon et nous ont se marie quand ?\u00a0\u00bb. Je la comprends \u00e0 ce moment, et sans m\u00eame r\u00e9fl\u00e9chir, je r\u00e9ponds \u00ab\u00a0quand mon anniversaire tombera un samedi\u00a0\u00bb. \u00c7a cl\u00f4t la discussion, mais pas pour longtemps&#8230;&#8230; Quelques jours plus tard, elle m&rsquo;annonce que l&rsquo;ann\u00e9e suivante, \u00ab\u00a0\u00e7a tombe un samedi\u00a0\u00bb \ud83e\udd23, je ne suis pas pour le mariage, mais bon&#8230; je respecte mes dires, elle r\u00e9serve la date \u00e0 la mairie, nous faisons l&rsquo;annonce \u00e0 nos familles, les d\u00e9s sont jet\u00e9s\u2026 Mariage pr\u00e9vu pour 1996&#8230;.. \ud83e\udd23\ud83e\udd23\ud83e\udd23 Oupssss&#8230;&#8230;<\/p>\n\n\n\n<p class=\"wp-block-paragraph\">Nous avons un peu plus d&rsquo;un an pour tous pr\u00e9par\u00e9, et \u00e7a se met en place doucement, mais s\u00fbrement, r\u00e9servation de la salle et du traiteur, choix du menu, achat de la robe, de mon costume&#8230; Entre les deux, nous venons de d\u00e9m\u00e9nager dans le b\u00e2timent juste \u00e0 c\u00f4t\u00e9, au m\u00eame \u00e9tage, qu&rsquo;un de nos couples d&rsquo;amis, et nous avons de ce fait juste au-dessus de nous un couple d&rsquo;hommes avec qui l&rsquo;on sympathise tr\u00e8s rapidement. L&rsquo;un d&rsquo;eux, coiffeur de m\u00e9tier, se propose de lui-m\u00eame de nous coiffer pour le mariage \u00e0 venir. Les semaines, les mois passent, nous voici au printemps 1996, tout va bien jusqu&rsquo;alors, quand un soir chez nos voisins du dessus, des cris et un vacarme se fait entendre, \u00e7a dure un bon moment, ce ne sera que le lendemain que je vais prendre connaissance de la situation. Une tr\u00e8s grosse dispute a \u00e9clat\u00e9 chez mes voisins homosexuels, et son compagnon fait ses valises et quitte l&rsquo;appartement, j&rsquo;en suis totalement \u00e9tonn\u00e9e, car jusque-l\u00e0, leur entente avait l&rsquo;air parfaite.<\/p>\n\n\n\n<p class=\"wp-block-paragraph\">Notre cher coiffeur se retrouve donc seul, et de ce fait commence \u00e0 passer bien plus souvent qu&rsquo;avant chez nous. Je ne me cache pas qu&rsquo;\u00e0 ce moment, je le trouve plut\u00f4t bel homme, 1,85 m environ, soigne sa personne, sans trop comprendre pourquoi, j&rsquo;ai de l&rsquo;attirance pour lui \ud83d\ude01, et il le ressent tr\u00e8s vite, \ud83d\ude02\ud83d\ude02. C&rsquo;est alors, qu&rsquo;un soir d&rsquo;ap\u00e9ro chez nous, nous sommes en compagnie d&rsquo;une bonne partie de nos amis, arrive ce qu&rsquo;il doit&#8230;.. Je me rends aux toilettes, il me suit, mais je ne m&rsquo;en rends pas compte, et au moment o\u00f9 je rentre, il se glisse avec moi, ferme la porte derri\u00e8re lui, et \u00ab\u00a0LA\u00a0\u00bb, il m&#8217;embrasse avec une vigueur indescriptible \ud83e\udd2a, il ressort comme si de rien n&rsquo;\u00e9tait&#8230;.. Je vais mettre plusieurs minutes \u00e0 essayer de comprendre ce qui vient passer&#8230;&#8230; Mais au fond de moi, et combien j&rsquo;aime ma compagne, j&rsquo;ai ador\u00e9e ce qui vient d&rsquo;arriver&#8230;.. \ud83d\ude01 Je fini par sortir, j&rsquo;observe autour de moi les personnes pr\u00e9sentes, j&rsquo;en suis s\u00fbr, personnes n&rsquo;a rien vu. Mon cher coiffeur quand \u00e0 lui me regarde avec un sourire bien ancr\u00e9 aux l\u00e8vres, je lui souri \u00e9galement, et baisse les yeux, g\u00ean\u00e9e et surtout beaucoup de mal \u00e0 assumer la situation \ud83d\ude23. La soir\u00e9e ce passe rien de plus&#8230;..<\/p>\n\n\n\n<p class=\"wp-block-paragraph\">Le lendemain, boulevers\u00e9e, je prends pour excuse d&rsquo;aller boire un caf\u00e9 chez lui, je monte. \u00c0 peine j&rsquo;ai pass\u00e9 la porte, que de nouveau, il r\u00e9it\u00e8re, je ne boirai bien \u00e9videment jamais le caf\u00e9 \ud83e\udd23<a href=\"https:\/\/lejournaldesandy.fr\/?page_id=783\" target=\"_blank\" rel=\"noreferrer noopener\">,\ud83d\udc95<\/a> mais en revanche, je passe avec lui un moment d&rsquo;une intensit\u00e9 rare et une premi\u00e8re pour moi qui restera \u00e0 jamais grav\u00e9 dans ma m\u00e9moire&#8230;.. \ud83d\udc95\ud83d\ude0d\ud83e\udd70 Bon, sauf que maintenant se pose un probl\u00e8me, je suis cens\u00e9 me marier dans quelques mois, et je me trouve compl\u00e9tement perdu dans mes sentiments, je reste amoureuse de ma future \u00e9pouse, mais les moments que je partage avec lui sont bien plus fort que ce que je pensais et je ne m&rsquo;\u00e9tais vraiment pas pr\u00e9par\u00e9 \u00e0 \u00e7a&#8230;.. Il est tr\u00e8s c\u00e2lin et d&rsquo;une douceur que je n&rsquo;ai jamais connue, tous les moments que j&rsquo;ai de libre, je mets tout en \u0153uvre pour les pass\u00e9s avec lui, la moindre excuse que je trouve, c&rsquo;est encore et toujours pour \u00eatre avec lui, sans m&rsquo;en rendre compte, la situation se complique de plus en plus, plus les jours, les semaines passent, plus je suis proche de lui. Tout est pr\u00e9texte pour faire l&rsquo;amour avec lui, chez lui, chez moi quand Mme n&rsquo;est pas l\u00e0, dans la voiture, derri\u00e8re la haie \u00e0 mon travail, dans la cave, chez sa m\u00e8re lors d&rsquo;un truc a bricol\u00e9, bref tout le temps&#8230;..<\/p>\n\n\n\n<p class=\"wp-block-paragraph\">Le temps passe, et avec lui la date tant redout\u00e9e pour le coup approche de plus en plus. Nous avons fait tr\u00e8s attention pour ne pas nous d\u00e9voiler, de son c\u00f4t\u00e9, il tient ses engagements, \u00e0 plusieurs reprises, il fait les essais pour la coiffure de ma compagne, de mon c\u00f4t\u00e9 \u00e0 cette p\u00e9riode, j&rsquo;ai les cheveux tr\u00e8s court, pas de souci de ce c\u00f4t\u00e9. Personne n&rsquo;est au courant de notre relation, enfin, c&rsquo;est ce que je pensais jusqu&rsquo;il y a encore quelques semaines \ud83d\ude02\ud83d\ude02, nous sommes sur la derni\u00e8re semaine, et je pense qu&rsquo;\u00e0 ce moment, elle a eu de gros doutes sur lui et moi, deux jours avant le mariage, les deux se prennent le bec tellement fort qu&rsquo;au dernier moment, il refuse de la coiffer, et il va falloir trouver dans l&rsquo;urgence une solution de remplacement. Oupsss !!! \ud83d\ude23 vendredi, veille de mon mariage, nous nous voyons, faisons l&rsquo;amour une derni\u00e8re fois\u2026 \ud83d\ude14 Alors que nous sommes encore dans le lit, blottit l&rsquo;un contre l&rsquo;autre, il va me dire une phrase qu&rsquo;il m&rsquo;est impossible d&rsquo;oublier&nbsp;: \u00ab\u00a0<strong>viens, viens avec moi dans ma valise<\/strong>\u00ab\u00a0, il m&#8217;embrasse. N&rsquo;ayant pas le courage de tout annuler \u00e0 la derni\u00e8re minute, la peur de d\u00e9cevoir ma famille, mes parents, et tr\u00e8s certainement avec du recul, la peur d&rsquo;assumer qui je suis tout simplement, je ne lui apporte aucune r\u00e9ponse. \ud83d\ude2d Je tiens toutefois \u00e0 aller au bout de notre histoire, combien je sais que c&rsquo;est compliqu\u00e9 pour lui, il me le promet, il sera pr\u00e9sent demain. \ud83d\ude4f Mille mercis \u00e0 toi \ud83d\udc95<\/p>\n\n\n\n<h5 class=\"wp-block-heading\">Le jour J<\/h5>\n\n\n\n<p class=\"wp-block-paragraph\">[ <em>Aujourd&rsquo;hui, j&rsquo;en fais le constat, c&rsquo;\u00e9tait d\u00e8s le d\u00e9part vou\u00e9 \u00e0 l&rsquo;\u00e9chec, l&rsquo;ambiance est \u00e9lectrique, la coiffure de ma femme, une catastrophe, le cur\u00e9 en retard, l&rsquo;adjoint du maire en retard, \u00e0 l&rsquo;arriv\u00e9e \u00e0 la salle, mon fr\u00e8re qui doit s&rsquo;occuper de la sono, et impatient que la propri\u00e9taire de la salle soit en retard, casse une vitre pour rentr\u00e9e, durant la soir\u00e9e un de mes t\u00e9moins r\u00e9cup\u00e8re un balai de paille de la voiture balai, y met le feu et manque de peu de mettre le feu au rideau de velours de la salle, encore et toujours mon fr\u00e8re en col\u00e8re apr\u00e8s la traiteuse qui s&rsquo;est mis du champagne de c\u00f4t\u00e9, d\u00e9chire la manche de la robe de marier de ma femme qui s&rsquo;interpose, bref, c&rsquo;est une catastrophe&#8230;&#8230; Seul point positif pour ma part, j&rsquo;arrive lors d&rsquo;une dance a vol\u00e9 un dernier baiser \u00e0 celui qui restera \u00e0 jamais dans mon c\u0153ur\u2026 Rien n&rsquo;est \u00e9crit, mais comment ai-je pu me tromper \u00e0 ce point ??? Encore une \u00e9criture compliqu\u00e9e&#8230;&#8230; une de plus\u2026<\/em>]<\/p>\n\n\n\n<p class=\"wp-block-paragraph\">Cette ann\u00e9e fut aussi un tournant dans ma carri\u00e8re professionnel, j&rsquo;ai \u00e9t\u00e9 prise comme \u00e9lectricienne dans l&rsquo;entreprise ou travail l&rsquo;un de mes amis, n&rsquo;ayant aucune exp\u00e9rience dans ce domaine, je suis tout d&rsquo;abord man\u0153uvre, mais tr\u00e8s rapidement, \u00e0 la vue de mes comp\u00e9tences, je vais monter les \u00e9chelons. La premi\u00e8re lecture d&rsquo;un plan est une \u00e9vidence pour moi, entre un sch\u00e9ma \u00e9lectrique, ou un sch\u00e9ma hydraulique, au final, il n&rsquo;y a pas grande diff\u00e9rence, si ce n&rsquo;est que les \u00e9l\u00e9ments diff\u00e9rents, je prends donc tr\u00e8s vite la notion de fonctionnement, de plus mon chef d&rsquo;\u00e9quipe me fait confiance, et m&rsquo;accorde beaucoup de temps \u00e0 me montrer les petites subtilit\u00e9s du m\u00e9tier. C&rsquo;est ainsi que durant presque sept ans que je vais passer dans cette entreprise, mon \u00e9volution va \u00eatre permanente, passant de man\u0153uvre pour finir durant un court laps de temps avant de quitter celle-ci, chef de secteur.<\/p>\n\n\n\n<p class=\"wp-block-paragraph\">Ces ann\u00e9es m&rsquo;ont permis de m&rsquo;\u00e9chapper, tout du moins la journ\u00e9e, de ce besoin inconditionnel d&rsquo;\u00eatre moi, mais comme tr\u00e8s souvent, quand le soir arrive, le naturel reprend le dessus, mon placard se remplit de plus en plus de v\u00eatements f\u00e9minins, les rapports sexuels avec mon \u00e9pouse deviennent de plus en plus marquants, sans nous en rendre compte, nous \u00e9changeons nos r\u00f4les, elle devenant de plus en plus masculine, moi, de plus en plus f\u00e9minine, mais j&rsquo;assure a minima mes obligations, l&rsquo;\u00e9quilibre reste fragile, mais il se maintient tant bien que mal. Je vais \u00e9galement durant cette p\u00e9riode faire mes premi\u00e8res d\u00e9pressions, qui vont occasionner plusieurs semaines d&rsquo;arr\u00eat pour chacune d&rsquo;entre elles. Je ne sais toujours pas qui je suis, quelles sont mes orientations sexuelles, la pression de ma famille est toujours pr\u00e9sente, personne ne comprend alors ce qui pose un probl\u00e8me, personne ne s&rsquo;en inqui\u00e8te par ailleurs, les traitements m\u00e9dicamenteux font le boulot, pourquoi en chercher la cause\u2026\u2026 Je suis donc consid\u00e9r\u00e9 comme quelqu&rsquo;un de fragile, mon entourage me demande de me ressaisir un point c&rsquo;est tout !!! <\/p>\n\n\n\n<p class=\"wp-block-paragraph\">Les ann\u00e9es passent, elles se ressemblent toutes, j&rsquo;ai beau tourner le probl\u00e8me dans tous les sens, je ne parviens toujours pas \u00e0 \u00ab\u00a0<em><strong>me comprendre<\/strong><\/em>\u00ab\u00a0, ce que je ressens au quotidien, et en total opposition avec ce que je vie, je n&rsquo;ai aucune force de caract\u00e8re pour aborder le sujet avec qui que ce soit, je ne vie pas pour moi, je vie au travers des personnes qui m&rsquo;entourent, je subis tout simplement ma vie, sans m\u00eame parvenir \u00e0 en prendre un minimum le contr\u00f4le&#8230; \u00c0 ce moment, ce qui me permet de tenir le coup, c&rsquo;est mon travail, j&rsquo;y passe beaucoup de temps, ce qui m&rsquo;\u00e9vite de trop subir cette situation qui me d\u00e9passe totalement, au moins, la journ\u00e9e, j&rsquo;ai autre chose \u00e0 penser, mais d&rsquo;un autre c\u00f4t\u00e9, mes nuits continuent \u00e0 me hanter, je fais toujours beaucoup d&rsquo;insomnies, c&rsquo;est tr\u00e8s loin d&rsquo;\u00eatre facile \u00e0 g\u00e9rer au quotidien, j&rsquo;accumule beaucoup de fatigue d\u00fb \u00e0 mon manque de sommeil. Bref, nous voil\u00e0 en 1999, je quitte mon entreprise suite \u00e0 un litige avec mon employeur actuel, je recontacte la soci\u00e9t\u00e9 int\u00e9rim pour laquelle j&rsquo;ai d\u00e9j\u00e0 pr\u00e9c\u00e9demment travaill\u00e9, je retourne dans l&rsquo;usine que j&rsquo;ai quitt\u00e9e quelques ann\u00e9es plus t\u00f4t comme cariste, ce qui me permet de souffler un peu, je fais moins d&rsquo;heures, pour presque le m\u00eame salaire, et surtout, l&rsquo;avantage, je peux porter ce que je souhaite sous mes v\u00eatements, assise toute la journ\u00e9e, personne ne va venir v\u00e9rifier si je porte un string ou un cale\u00e7on&#8230; \ud83d\ude05 <\/p>\n\n\n\n<p class=\"wp-block-paragraph\">Avec les ann\u00e9es, j&rsquo;ai fini par me persuader que j&rsquo;\u00e9tais diff\u00e9rente, tout simplement !!! Mon emploi actuel me suffit, je me contente de cette pseudo \u00ab\u00a0chance\u00a0\u00bb que mon \u00e9pouse ne me pose aucun probl\u00e8me, que, \u00e0 mon travail j&rsquo;arrive \u00e0 porter des effets f\u00e9minins, mais la douleur int\u00e9rieure est quant \u00e0 elle toujours aussi intense&#8230; Cette m\u00eame ann\u00e9e, un \u00e9v\u00e8nement important va \u00e9galement venir tout bousculer dans ma t\u00eate, car arrive \u00e0 la maison \u00ab\u00a0<strong>internet<\/strong>\u00ab\u00a0, et avec \u00e7a, une tonne d&rsquo;information s&rsquo;ouvre \u00e0 moi, j&rsquo;ai forc\u00e9ment des pistes, \u00ab\u00a0travestie\u00a0\u00bb, encore \u00e0 cette p\u00e9riode \u00ab\u00a0transsexuels\u00a0\u00bb, je ne sais pas encore vraiment faire la diff\u00e9rence, mais je prends tr\u00e8s vite conscience de l&rsquo;\u00e9tat de fait, mais en m\u00eame temps, je suis toujours incapable de m&rsquo;assumer, de prendre la d\u00e9cision qui changera ma vie&#8230; Dans le m\u00eame temps, trop d&rsquo;info, tue l&rsquo;info, de part ce que je lis, entend autour de moi sur le sujet, de part mon \u00e9ducation, je fais malheureusement l&rsquo;amalgame entre ce que je suis et mon orientation sexuelle, sous-entendu qu&rsquo;\u00e0 ce moment, ce que j&rsquo;en lis et entend, c&rsquo;est li\u00e9 \u00e0 des troubles psychiatriques, \u00e7a ne me rassure pas vraiment, je garde pour moi, \u00ab\u00a0encore\u00a0\u00bb, mes recherches, estimant et craignant \u00eatre pris pour une folle. Et la vie continue, mais toutes ces informations ne vont pas \u00eatre sans cons\u00e9quences, mes besoins deviennent de plus en plus oppressants, je perds pied plus que jamais, je prends de plus en plus de risques, indirectement, je pense, que je souhaite que l&rsquo;on me d\u00e9couvre, \u00e7a r\u00e9glerait tellement de probl\u00e8mes bien \u00e9videment&#8230;<\/p>\n\n\n\n<p class=\"wp-block-paragraph\">Nous voil\u00e0 en 2001, plus que jamais en d\u00e9saccord avec moi-m\u00eame, je me refuse d&rsquo;accepter ma situation, dans le m\u00eame temps, je commence \u00e0 d\u00e9velopper un comportement agressif, qui par la suite va me couter \u00e0 plusieurs reprises mon emploi. Je fais \u00e9galement connaissance avec quelques personnes via un site de tchat, et prends de ce fait conscience que je suis loin d&rsquo;\u00eatre seule dans mon cas, dans un sens \u00e7a me rassure, dans l&rsquo;autre une col\u00e8re grandie en moi, le manque de reconnaissance, de respect envers les personnes trans me r\u00e9volte au plus haut point. Quoi faire, comment faire, que dois-je faire pour moi ? Tout un tas de questions se bouscule dans ma t\u00eate, pour lesquelles je n&rsquo;ai encore aucune r\u00e9ponse. Totalement perdue\u2026 De plus, mon \u00e9pouse \u00e9met le besoin d&rsquo;avoir un enfant, je ne suis vraiment pas en accord avec sa d\u00e9cision, mais vu ma situation, je n&rsquo;ai pas mon mot \u00e0 dire, et puis que dire\u2026 \u00c0 partir de ce moment, la descente aux enfers commence doucement, mais s\u00fbrement, je fais tout mon possible pour sauver mon couple, mon travail, sauver les meubles comme dit le proverbe\u2026 H\u00e9las, nous apprenons de nos erreurs, et je ne vais pas tarder \u00e0 en faire les frais aux fils des ann\u00e9es qui viennent. Je n&rsquo;ai pas encore compris que je ne fais que retarder l&rsquo;\u00e9ch\u00e9ance tout simplement&#8230;<\/p>\n\n\n\n<p class=\"wp-block-paragraph\">Fin de ce chapitre qui retrace les grosses lignes de ma bio, de 1991 \u00e0 2001, il y aurait tant de choses \u00e0 mettre \u00e0 jour, mais le plus important est \u00e9crit, chaque \u00e9v\u00e8nement manquant, aussi insignifiants sont-ils, ont eu pour chacun des effets non sans cons\u00e9quences sur ma vie, j&rsquo;y reviendrais certainement petit \u00e0 petit.<\/p>\n<p> Sandy \ud83d\udc95<p\/>\n\n<\/div>\n\n<div style=\"height:100px\" aria-hidden=\"true\" class=\"wp-block-spacer\"><\/div>\n\n\n<div class=\"wp-block-image\">\n<figure class=\"aligncenter size-full\"><img data-recalc-dims=\"1\" loading=\"lazy\" decoding=\"async\" width=\"593\" height=\"107\" src=\"https:\/\/i0.wp.com\/lejournaldesandy.fr\/wp-content\/uploads\/2024\/02\/trait-deco1.4.png?resize=593%2C107&#038;ssl=1\" alt=\"\" class=\"wp-image-1966\" srcset=\"https:\/\/i0.wp.com\/lejournaldesandy.fr\/wp-content\/uploads\/2024\/02\/trait-deco1.4.png?w=593&amp;ssl=1 593w, https:\/\/i0.wp.com\/lejournaldesandy.fr\/wp-content\/uploads\/2024\/02\/trait-deco1.4.png?resize=300%2C54&amp;ssl=1 300w\" sizes=\"auto, (max-width: 593px) 100vw, 593px\" \/><\/figure>\n<\/div>\n\n\n<div style=\"height:100px\" aria-hidden=\"true\" class=\"wp-block-spacer\"><\/div>\n\n\n<div class=\"wp-block-image zoom-hover\">\n<figure class=\"aligncenter size-full\"><a href=\"https:\/\/lejournaldesandy.fr\/\"><img data-recalc-dims=\"1\" loading=\"lazy\" decoding=\"async\" width=\"170\" height=\"170\" src=\"https:\/\/i0.wp.com\/lejournaldesandy.fr\/wp-content\/uploads\/2024\/02\/logo-170x170-1.png?resize=170%2C170&#038;ssl=1\" alt=\"\" class=\"wp-image-1056\" srcset=\"https:\/\/i0.wp.com\/lejournaldesandy.fr\/wp-content\/uploads\/2024\/02\/logo-170x170-1.png?w=170&amp;ssl=1 170w, https:\/\/i0.wp.com\/lejournaldesandy.fr\/wp-content\/uploads\/2024\/02\/logo-170x170-1.png?resize=150%2C150&amp;ssl=1 150w\" sizes=\"auto, (max-width: 170px) 100vw, 170px\" \/><\/a><\/figure>\n<\/div>\n\n\n<div class=\"wp-block-buttons is-layout-flex wp-block-buttons-is-layout-flex\">\n<div class=\"wp-block-button is-style-outline is-style-outline--1\"><a class=\"wp-block-button__link wp-element-button\">Lire la suite (\u00e0 venir)<\/a><\/div>\n<\/div>\n\n\n\n<p class=\"wp-block-paragraph\"><\/p>\n\n\n\n<p class=\"wp-block-paragraph\"><\/p>\n\n\n<style id=\"wpforms-css-vars-1680-block-1ba656a6-92ae-496f-956d-470d43a6183d\">\n\t\t\t\t#wpforms-1680.wpforms-block-1ba656a6-92ae-496f-956d-470d43a6183d {\n\t\t\t\t--wpforms-field-size-input-height: 43px;\n--wpforms-field-size-input-spacing: 15px;\n--wpforms-field-size-font-size: 16px;\n--wpforms-field-size-line-height: 19px;\n--wpforms-field-size-padding-h: 14px;\n--wpforms-field-size-checkbox-size: 16px;\n--wpforms-field-size-sublabel-spacing: 5px;\n--wpforms-field-size-icon-size: 1;\n--wpforms-label-size-font-size: 16px;\n--wpforms-label-size-line-height: 19px;\n--wpforms-label-size-sublabel-font-size: 14px;\n--wpforms-label-size-sublabel-line-height: 17px;\n--wpforms-button-size-font-size: 17px;\n--wpforms-button-size-height: 41px;\n--wpforms-button-size-padding-h: 15px;\n--wpforms-button-size-margin-top: 10px;\n\t\t\t}\n\t\t\t<\/style><div class=\"wpforms-container wpforms-container-full wpforms-block wpforms-block-1ba656a6-92ae-496f-956d-470d43a6183d wpforms-render-modern\" id=\"wpforms-1680\"><form id=\"wpforms-form-1680\" class=\"wpforms-validate wpforms-form wpforms-ajax-form\" data-formid=\"1680\" method=\"post\" enctype=\"multipart\/form-data\" action=\"\/index.php?rest_route=%2Fwp%2Fv2%2Fpages%2F673\" data-token=\"e67ff2a1474d1f9e45ed005ff24155cd\" data-token-time=\"1777298747\"><noscript class=\"wpforms-error-noscript\">Veuillez activer JavaScript dans votre navigateur pour remplir ce formulaire.<\/noscript><div id=\"wpforms-error-noscript\" style=\"display: none;\">Veuillez activer JavaScript dans votre navigateur pour remplir ce formulaire.<\/div><div class=\"wpforms-field-container\"><div id=\"wpforms-1680-field_0-container\" class=\"wpforms-field wpforms-field-name body font-family comic sans ms\" data-field-id=\"0\"><fieldset><legend class=\"wpforms-field-label\">Pr\u00e9nom et nom<\/legend><div class=\"wpforms-field-row wpforms-field-medium\"><div class=\"wpforms-field-row-block wpforms-first wpforms-one-half\"><input type=\"text\" id=\"wpforms-1680-field_0\" class=\"wpforms-field-name-first\" name=\"wpforms[fields][0][first]\" aria-errormessage=\"wpforms-1680-field_0-error\" ><label for=\"wpforms-1680-field_0\" class=\"wpforms-field-sublabel after\">Pr\u00e9nom<\/label><\/div><div class=\"wpforms-field-row-block wpforms-one-half\"><input type=\"text\" id=\"wpforms-1680-field_0-last\" class=\"wpforms-field-name-last\" name=\"wpforms[fields][0][last]\" aria-errormessage=\"wpforms-1680-field_0-last-error\" ><label for=\"wpforms-1680-field_0-last\" class=\"wpforms-field-sublabel after\">Nom<\/label><\/div><\/div><\/fieldset><\/div><div id=\"wpforms-1680-field_4-container\" class=\"wpforms-field wpforms-field-text\" data-field-id=\"4\"><label class=\"wpforms-field-label\" for=\"wpforms-1680-field_4\">Pseudo<\/label><input type=\"text\" id=\"wpforms-1680-field_4\" class=\"wpforms-field-medium\" name=\"wpforms[fields][4]\" aria-errormessage=\"wpforms-1680-field_4-error\" ><\/div><div id=\"wpforms-1680-field_1-container\" class=\"wpforms-field wpforms-field-email body font-family comic sans ms\" data-field-id=\"1\"><label class=\"wpforms-field-label\" for=\"wpforms-1680-field_1\">Email <span class=\"wpforms-required-label\" aria-hidden=\"true\">*<\/span><\/label><input type=\"email\" id=\"wpforms-1680-field_1\" class=\"wpforms-field-medium wpforms-field-required\" name=\"wpforms[fields][1]\" spellcheck=\"false\" aria-errormessage=\"wpforms-1680-field_1-error\" required><\/div><div id=\"wpforms-1680-field_2-container\" class=\"wpforms-field wpforms-field-textarea body font-family comic sans ms\" data-field-id=\"2\"><label class=\"wpforms-field-label\" for=\"wpforms-1680-field_2\">Commentaire ou Message <span class=\"wpforms-required-label\" aria-hidden=\"true\">*<\/span><\/label><textarea id=\"wpforms-1680-field_2\" class=\"wpforms-field-medium wpforms-field-required\" name=\"wpforms[fields][2]\" aria-errormessage=\"wpforms-1680-field_2-error\" required><\/textarea><\/div><\/div><!-- .wpforms-field-container --><div class=\"wpforms-submit-container\" ><input type=\"hidden\" name=\"wpforms[id]\" value=\"1680\"><input type=\"hidden\" name=\"page_title\" value=\"\"><input type=\"hidden\" name=\"page_url\" value=\"https:\/\/lejournaldesandy.fr\/index.php?rest_route=\/wp\/v2\/pages\/673\"><input type=\"hidden\" name=\"url_referer\" value=\"\"><button type=\"submit\" name=\"wpforms[submit]\" id=\"wpforms-submit-1680\" class=\"wpforms-submit\" data-alt-text=\"Sending...\" data-submit-text=\"envoyer\" aria-live=\"assertive\" value=\"wpforms-submit\">envoyer<\/button><img loading=\"lazy\" decoding=\"async\" src=\"https:\/\/lejournaldesandy.fr\/wp-content\/plugins\/wpforms-lite\/assets\/images\/submit-spin.svg\" class=\"wpforms-submit-spinner\" style=\"display: none;\" width=\"26\" height=\"26\" alt=\"Chargement en cours\"><\/div><\/form><\/div>  <!-- .wpforms-container -->","protected":false},"excerpt":{"rendered":"<p>\u00a0Temp de lecture: 15 minutes My life Part 1 On y est, en 1991, j&rsquo;obtiens mes dipl\u00f4mes et me voici propuls\u00e9 dans la vie active. J&rsquo;ai le permis depuis presque un an, j&rsquo;encha\u00eene les petits boulots en int\u00e9rim et les sorties en discoth\u00e8ques avec mon ami d&rsquo;enfance. Je gagne peu, mais \u00e0 cette \u00e9poque, avec&hellip; <br \/> <a class=\"read-more\" href=\"https:\/\/lejournaldesandy.fr\/?page_id=673\">Lire la suite<\/a><\/p>\n","protected":false},"author":1,"featured_media":0,"parent":108,"menu_order":4,"comment_status":"closed","ping_status":"closed","template":"","meta":{"_crdt_document":"","footnotes":""},"class_list":["post-673","page","type-page","status-publish","hentry"],"yoast_head":"<!-- This site is optimized with the Yoast SEO plugin v27.4 - https:\/\/yoast.com\/product\/yoast-seo-wordpress\/ -->\n<title>My life Part 1 - le journal de Sandy<\/title>\n<meta name=\"robots\" content=\"index, follow, max-snippet:-1, max-image-preview:large, max-video-preview:-1\" \/>\n<link rel=\"canonical\" href=\"https:\/\/lejournaldesandy.fr\/?page_id=673\" \/>\n<meta property=\"og:locale\" content=\"fr_FR\" \/>\n<meta property=\"og:type\" content=\"article\" \/>\n<meta property=\"og:title\" content=\"My life Part 1 - le journal de Sandy\" \/>\n<meta property=\"og:description\" content=\"\u00a0Temp de lecture: 15 minutes My life Part 1 On y est, en 1991, j&rsquo;obtiens mes dipl\u00f4mes et me voici propuls\u00e9 dans la vie active. J&rsquo;ai le permis depuis presque un an, j&rsquo;encha\u00eene les petits boulots en int\u00e9rim et les sorties en discoth\u00e8ques avec mon ami d&rsquo;enfance. Je gagne peu, mais \u00e0 cette \u00e9poque, avec&hellip; Lire la suite\" \/>\n<meta property=\"og:url\" content=\"https:\/\/lejournaldesandy.fr\/?page_id=673\" \/>\n<meta property=\"og:site_name\" content=\"le journal de Sandy\" \/>\n<meta property=\"article:modified_time\" content=\"2026-04-08T17:31:01+00:00\" \/>\n<meta property=\"og:image\" content=\"https:\/\/lejournaldesandy.fr\/wp-content\/uploads\/2024\/02\/trait-deco1.2.png\" \/>\n<meta name=\"twitter:card\" content=\"summary_large_image\" \/>\n<meta name=\"twitter:label1\" content=\"Dur\u00e9e de lecture estim\u00e9e\" \/>\n\t<meta name=\"twitter:data1\" content=\"19 minutes\" \/>\n<script type=\"application\/ld+json\" class=\"yoast-schema-graph\">{\"@context\":\"https:\\\/\\\/schema.org\",\"@graph\":[{\"@type\":\"WebPage\",\"@id\":\"https:\\\/\\\/lejournaldesandy.fr\\\/?page_id=673\",\"url\":\"https:\\\/\\\/lejournaldesandy.fr\\\/?page_id=673\",\"name\":\"My life Part 1 - le journal de Sandy\",\"isPartOf\":{\"@id\":\"https:\\\/\\\/lejournaldesandy.fr\\\/#website\"},\"primaryImageOfPage\":{\"@id\":\"https:\\\/\\\/lejournaldesandy.fr\\\/?page_id=673#primaryimage\"},\"image\":{\"@id\":\"https:\\\/\\\/lejournaldesandy.fr\\\/?page_id=673#primaryimage\"},\"thumbnailUrl\":\"https:\\\/\\\/lejournaldesandy.fr\\\/wp-content\\\/uploads\\\/2024\\\/02\\\/trait-deco1.2.png\",\"datePublished\":\"2024-01-19T14:58:37+00:00\",\"dateModified\":\"2026-04-08T17:31:01+00:00\",\"breadcrumb\":{\"@id\":\"https:\\\/\\\/lejournaldesandy.fr\\\/?page_id=673#breadcrumb\"},\"inLanguage\":\"fr-FR\",\"potentialAction\":[{\"@type\":\"ReadAction\",\"target\":[\"https:\\\/\\\/lejournaldesandy.fr\\\/?page_id=673\"]}]},{\"@type\":\"ImageObject\",\"inLanguage\":\"fr-FR\",\"@id\":\"https:\\\/\\\/lejournaldesandy.fr\\\/?page_id=673#primaryimage\",\"url\":\"https:\\\/\\\/i0.wp.com\\\/lejournaldesandy.fr\\\/wp-content\\\/uploads\\\/2024\\\/02\\\/trait-deco1.2.png?fit=593%2C107&ssl=1\",\"contentUrl\":\"https:\\\/\\\/i0.wp.com\\\/lejournaldesandy.fr\\\/wp-content\\\/uploads\\\/2024\\\/02\\\/trait-deco1.2.png?fit=593%2C107&ssl=1\",\"width\":593,\"height\":107},{\"@type\":\"BreadcrumbList\",\"@id\":\"https:\\\/\\\/lejournaldesandy.fr\\\/?page_id=673#breadcrumb\",\"itemListElement\":[{\"@type\":\"ListItem\",\"position\":1,\"name\":\"Accueil\",\"item\":\"https:\\\/\\\/lejournaldesandy.fr\\\/\"},{\"@type\":\"ListItem\",\"position\":2,\"name\":\"Biographie\",\"item\":\"https:\\\/\\\/lejournaldesandy.fr\\\/?page_id=108\"},{\"@type\":\"ListItem\",\"position\":3,\"name\":\"My life Part 1\"}]},{\"@type\":\"WebSite\",\"@id\":\"https:\\\/\\\/lejournaldesandy.fr\\\/#website\",\"url\":\"https:\\\/\\\/lejournaldesandy.fr\\\/\",\"name\":\"le journal de Sandy\",\"description\":\"biographie; transition; MtF\",\"publisher\":{\"@id\":\"https:\\\/\\\/lejournaldesandy.fr\\\/#\\\/schema\\\/person\\\/3ac659e98587e504c234a67a929b1c43\"},\"potentialAction\":[{\"@type\":\"SearchAction\",\"target\":{\"@type\":\"EntryPoint\",\"urlTemplate\":\"https:\\\/\\\/lejournaldesandy.fr\\\/?s={search_term_string}\"},\"query-input\":{\"@type\":\"PropertyValueSpecification\",\"valueRequired\":true,\"valueName\":\"search_term_string\"}}],\"inLanguage\":\"fr-FR\"},{\"@type\":[\"Person\",\"Organization\"],\"@id\":\"https:\\\/\\\/lejournaldesandy.fr\\\/#\\\/schema\\\/person\\\/3ac659e98587e504c234a67a929b1c43\",\"name\":\"Sandy\",\"image\":{\"@type\":\"ImageObject\",\"inLanguage\":\"fr-FR\",\"@id\":\"https:\\\/\\\/i0.wp.com\\\/lejournaldesandy.fr\\\/wp-content\\\/uploads\\\/2023\\\/12\\\/cropped-Logo-2048-Copie-Petite-Icone-site.png?fit=512%2C512&ssl=1\",\"url\":\"https:\\\/\\\/i0.wp.com\\\/lejournaldesandy.fr\\\/wp-content\\\/uploads\\\/2023\\\/12\\\/cropped-Logo-2048-Copie-Petite-Icone-site.png?fit=512%2C512&ssl=1\",\"contentUrl\":\"https:\\\/\\\/i0.wp.com\\\/lejournaldesandy.fr\\\/wp-content\\\/uploads\\\/2023\\\/12\\\/cropped-Logo-2048-Copie-Petite-Icone-site.png?fit=512%2C512&ssl=1\",\"width\":512,\"height\":512,\"caption\":\"Sandy\"},\"logo\":{\"@id\":\"https:\\\/\\\/i0.wp.com\\\/lejournaldesandy.fr\\\/wp-content\\\/uploads\\\/2023\\\/12\\\/cropped-Logo-2048-Copie-Petite-Icone-site.png?fit=512%2C512&ssl=1\"},\"sameAs\":[\"http:\\\/\\\/lejournaldesandy.fr\"]}]}<\/script>\n<!-- \/ Yoast SEO plugin. -->","yoast_head_json":{"title":"My life Part 1 - le journal de Sandy","robots":{"index":"index","follow":"follow","max-snippet":"max-snippet:-1","max-image-preview":"max-image-preview:large","max-video-preview":"max-video-preview:-1"},"canonical":"https:\/\/lejournaldesandy.fr\/?page_id=673","og_locale":"fr_FR","og_type":"article","og_title":"My life Part 1 - le journal de Sandy","og_description":"\u00a0Temp de lecture: 15 minutes My life Part 1 On y est, en 1991, j&rsquo;obtiens mes dipl\u00f4mes et me voici propuls\u00e9 dans la vie active. J&rsquo;ai le permis depuis presque un an, j&rsquo;encha\u00eene les petits boulots en int\u00e9rim et les sorties en discoth\u00e8ques avec mon ami d&rsquo;enfance. Je gagne peu, mais \u00e0 cette \u00e9poque, avec&hellip; Lire la suite","og_url":"https:\/\/lejournaldesandy.fr\/?page_id=673","og_site_name":"le journal de Sandy","article_modified_time":"2026-04-08T17:31:01+00:00","og_image":[{"url":"https:\/\/lejournaldesandy.fr\/wp-content\/uploads\/2024\/02\/trait-deco1.2.png","type":"","width":"","height":""}],"twitter_card":"summary_large_image","twitter_misc":{"Dur\u00e9e de lecture estim\u00e9e":"19 minutes"},"schema":{"@context":"https:\/\/schema.org","@graph":[{"@type":"WebPage","@id":"https:\/\/lejournaldesandy.fr\/?page_id=673","url":"https:\/\/lejournaldesandy.fr\/?page_id=673","name":"My life Part 1 - le journal de Sandy","isPartOf":{"@id":"https:\/\/lejournaldesandy.fr\/#website"},"primaryImageOfPage":{"@id":"https:\/\/lejournaldesandy.fr\/?page_id=673#primaryimage"},"image":{"@id":"https:\/\/lejournaldesandy.fr\/?page_id=673#primaryimage"},"thumbnailUrl":"https:\/\/lejournaldesandy.fr\/wp-content\/uploads\/2024\/02\/trait-deco1.2.png","datePublished":"2024-01-19T14:58:37+00:00","dateModified":"2026-04-08T17:31:01+00:00","breadcrumb":{"@id":"https:\/\/lejournaldesandy.fr\/?page_id=673#breadcrumb"},"inLanguage":"fr-FR","potentialAction":[{"@type":"ReadAction","target":["https:\/\/lejournaldesandy.fr\/?page_id=673"]}]},{"@type":"ImageObject","inLanguage":"fr-FR","@id":"https:\/\/lejournaldesandy.fr\/?page_id=673#primaryimage","url":"https:\/\/i0.wp.com\/lejournaldesandy.fr\/wp-content\/uploads\/2024\/02\/trait-deco1.2.png?fit=593%2C107&ssl=1","contentUrl":"https:\/\/i0.wp.com\/lejournaldesandy.fr\/wp-content\/uploads\/2024\/02\/trait-deco1.2.png?fit=593%2C107&ssl=1","width":593,"height":107},{"@type":"BreadcrumbList","@id":"https:\/\/lejournaldesandy.fr\/?page_id=673#breadcrumb","itemListElement":[{"@type":"ListItem","position":1,"name":"Accueil","item":"https:\/\/lejournaldesandy.fr\/"},{"@type":"ListItem","position":2,"name":"Biographie","item":"https:\/\/lejournaldesandy.fr\/?page_id=108"},{"@type":"ListItem","position":3,"name":"My life Part 1"}]},{"@type":"WebSite","@id":"https:\/\/lejournaldesandy.fr\/#website","url":"https:\/\/lejournaldesandy.fr\/","name":"le journal de Sandy","description":"biographie; transition; MtF","publisher":{"@id":"https:\/\/lejournaldesandy.fr\/#\/schema\/person\/3ac659e98587e504c234a67a929b1c43"},"potentialAction":[{"@type":"SearchAction","target":{"@type":"EntryPoint","urlTemplate":"https:\/\/lejournaldesandy.fr\/?s={search_term_string}"},"query-input":{"@type":"PropertyValueSpecification","valueRequired":true,"valueName":"search_term_string"}}],"inLanguage":"fr-FR"},{"@type":["Person","Organization"],"@id":"https:\/\/lejournaldesandy.fr\/#\/schema\/person\/3ac659e98587e504c234a67a929b1c43","name":"Sandy","image":{"@type":"ImageObject","inLanguage":"fr-FR","@id":"https:\/\/i0.wp.com\/lejournaldesandy.fr\/wp-content\/uploads\/2023\/12\/cropped-Logo-2048-Copie-Petite-Icone-site.png?fit=512%2C512&ssl=1","url":"https:\/\/i0.wp.com\/lejournaldesandy.fr\/wp-content\/uploads\/2023\/12\/cropped-Logo-2048-Copie-Petite-Icone-site.png?fit=512%2C512&ssl=1","contentUrl":"https:\/\/i0.wp.com\/lejournaldesandy.fr\/wp-content\/uploads\/2023\/12\/cropped-Logo-2048-Copie-Petite-Icone-site.png?fit=512%2C512&ssl=1","width":512,"height":512,"caption":"Sandy"},"logo":{"@id":"https:\/\/i0.wp.com\/lejournaldesandy.fr\/wp-content\/uploads\/2023\/12\/cropped-Logo-2048-Copie-Petite-Icone-site.png?fit=512%2C512&ssl=1"},"sameAs":["http:\/\/lejournaldesandy.fr"]}]}},"jetpack_sharing_enabled":true,"jetpack_likes_enabled":true,"_links":{"self":[{"href":"https:\/\/lejournaldesandy.fr\/index.php?rest_route=\/wp\/v2\/pages\/673","targetHints":{"allow":["GET"]}}],"collection":[{"href":"https:\/\/lejournaldesandy.fr\/index.php?rest_route=\/wp\/v2\/pages"}],"about":[{"href":"https:\/\/lejournaldesandy.fr\/index.php?rest_route=\/wp\/v2\/types\/page"}],"author":[{"embeddable":true,"href":"https:\/\/lejournaldesandy.fr\/index.php?rest_route=\/wp\/v2\/users\/1"}],"replies":[{"embeddable":true,"href":"https:\/\/lejournaldesandy.fr\/index.php?rest_route=%2Fwp%2Fv2%2Fcomments&post=673"}],"version-history":[{"count":36,"href":"https:\/\/lejournaldesandy.fr\/index.php?rest_route=\/wp\/v2\/pages\/673\/revisions"}],"predecessor-version":[{"id":4031,"href":"https:\/\/lejournaldesandy.fr\/index.php?rest_route=\/wp\/v2\/pages\/673\/revisions\/4031"}],"up":[{"embeddable":true,"href":"https:\/\/lejournaldesandy.fr\/index.php?rest_route=\/wp\/v2\/pages\/108"}],"wp:attachment":[{"href":"https:\/\/lejournaldesandy.fr\/index.php?rest_route=%2Fwp%2Fv2%2Fmedia&parent=673"}],"curies":[{"name":"wp","href":"https:\/\/api.w.org\/{rel}","templated":true}]}}