{"id":947,"date":"2024-02-15T00:40:35","date_gmt":"2024-02-14T23:40:35","guid":{"rendered":"https:\/\/lejournaldesandy.fr\/?page_id=947"},"modified":"2026-04-08T19:42:24","modified_gmt":"2026-04-08T17:42:24","slug":"citations-diverses","status":"publish","type":"page","link":"https:\/\/lejournaldesandy.fr\/?page_id=947","title":{"rendered":"Citations diverses"},"content":{"rendered":"\n<div style=\"height:100px\" aria-hidden=\"true\" class=\"wp-block-spacer\"><\/div>\n\n\n<div class=\"wp-block-image\">\n<figure class=\"aligncenter size-full\"><img data-recalc-dims=\"1\" loading=\"lazy\" decoding=\"async\" width=\"593\" height=\"107\" src=\"https:\/\/i0.wp.com\/lejournaldesandy.fr\/wp-content\/uploads\/2024\/02\/trait-deco1.2.png?resize=593%2C107&#038;ssl=1\" alt=\"\" class=\"wp-image-1960\" srcset=\"https:\/\/i0.wp.com\/lejournaldesandy.fr\/wp-content\/uploads\/2024\/02\/trait-deco1.2.png?w=593&amp;ssl=1 593w, https:\/\/i0.wp.com\/lejournaldesandy.fr\/wp-content\/uploads\/2024\/02\/trait-deco1.2.png?resize=300%2C54&amp;ssl=1 300w\" sizes=\"auto, (max-width: 593px) 100vw, 593px\" \/><\/figure>\n<\/div>\n\n\n<div style=\"height:100px\" aria-hidden=\"true\" class=\"wp-block-spacer\"><\/div>\n\n<div class=\"titre-cadre\">\n<p>\n    <span>\n        <strong>D\u00e9couvrez ici les citations qui illuminent mon chemin. \ud83c\udf1f Ces mots de sagesse et de force m&rsquo;accompagnent au quotidien, m&rsquo;offrant soutien et s\u00e9r\u00e9nit\u00e9 dans chaque \u00e9tape de ma vie. Puissent-ils vous inspirer autant qu&rsquo;ils m&rsquo;apaisent. \u2728\n<\/p>\n\n\n<p class=\"wp-block-paragraph\">Avec toute ma tendresse, Sandy \ud83d\udc95\n<\/strong>\n    <\/span><\/p>\n\n\n\n<p class=\"wp-block-paragraph\">Lorsqu&rsquo;on sait prendre soin de sa propre lumi\u00e8re, on n&rsquo;a pas le temps d&rsquo;\u00e9teindre celle des autres.                        \u00a0\u00bb William Sinclair\u00a0\u00bb<\/p>\n\n\n\n<div style=\"height:100px\" aria-hidden=\"true\" class=\"wp-block-spacer\"><\/div>\n\n\n\n<p class=\"wp-block-paragraph\">J&rsquo;ai d\u00e9cid\u00e9 de faire du reste de ma vie&#8230;. Le meilleur de ma vie !!!. \u00a0\u00bb les beaux proverbes\u00a0\u00bb \ud83d\udc95\ud83d\ude4f<\/p>\n\n\n\n<div style=\"height:100px\" aria-hidden=\"true\" class=\"wp-block-spacer\"><\/div>\n\n\n\n<p class=\"wp-block-paragraph\">Aimez par amour, jamais par solitude. \u00a0\u00bb serena Santorelli\u00a0\u00bb<\/p>\n\n\n\n<div style=\"height:100px\" aria-hidden=\"true\" class=\"wp-block-spacer\"><\/div>\n\n\n\n<p class=\"wp-block-paragraph\">Les rapports humains sont souvent d\u00e9sastreux, car la grande majorit\u00e9 de l&rsquo;esp\u00e8ce humaine ne comprned pas qu&rsquo;entrer dans le c\u0153ur d&rsquo;une personne, n&rsquo;est pas une conqu\u00eate, mais une opportunit\u00e9 extraordinaire.       \u00ab\u00a0Marilyn Monroe\u00a0\u00bb \ud83d\udc83<\/p>\n\n\n\n<div style=\"height:100px\" aria-hidden=\"true\" class=\"wp-block-spacer\"><\/div>\n\n\n\n<p class=\"wp-block-paragraph\">M\u00eame le nuit la plus sombre se terminera, et le soleil se l\u00e8vera&#8230;.   \u00ab\u00a0Victor Hugo\u00a0\u00bb \u2728\ud83c\udf1e<\/p>\n\n\n\n<div style=\"height:100px\" aria-hidden=\"true\" class=\"wp-block-spacer\"><\/div>\n\n\n\n<p class=\"wp-block-paragraph\"><em>Restez avec un amour qui vous donne des r\u00e9ponses et non des probl\u00e8mes, de la s\u00e9curit\u00e9 et non de la peur, de la confiance et non des doutes<\/em>.  \u00a0\u00bb Paulo Coelho\u00a0\u00bb \ud83c\udf80\ud83d\udccc\ud83c\udf39<\/p>\n\n\n\n<div style=\"height:100px\" aria-hidden=\"true\" class=\"wp-block-spacer\"><\/div>\n\n\n\n<p class=\"wp-block-paragraph\">Sois l\u00e0 pour les autres, mais ne t&rsquo;oublie jamais.  \u00a0\u00bb Dodinsky \u00ab\u00a0<\/p>\n\n\n\n<div style=\"height:100px\" aria-hidden=\"true\" class=\"wp-block-spacer\"><\/div>\n\n\n\n<h2 class=\"wp-block-heading\">\u00c0 venir<\/h2>\n\n<\/div>\n\n<div style=\"height:100px\" aria-hidden=\"true\" class=\"wp-block-spacer\"><\/div>\n\n\n<div class=\"wp-block-image zoom-hover\">\n<figure class=\"aligncenter size-full\"><a href=\"https:\/\/lejournaldesandy.fr\/\"><img data-recalc-dims=\"1\" loading=\"lazy\" decoding=\"async\" width=\"170\" height=\"170\" src=\"https:\/\/i0.wp.com\/lejournaldesandy.fr\/wp-content\/uploads\/2024\/02\/logo-170x170-1.png?resize=170%2C170&#038;ssl=1\" alt=\"\" class=\"wp-image-1056\" srcset=\"https:\/\/i0.wp.com\/lejournaldesandy.fr\/wp-content\/uploads\/2024\/02\/logo-170x170-1.png?w=170&amp;ssl=1 170w, https:\/\/i0.wp.com\/lejournaldesandy.fr\/wp-content\/uploads\/2024\/02\/logo-170x170-1.png?resize=150%2C150&amp;ssl=1 150w\" sizes=\"auto, (max-width: 170px) 100vw, 170px\" \/><\/a><\/figure>\n<\/div>","protected":false},"excerpt":{"rendered":"<p>D\u00e9couvrez ici les citations qui illuminent mon chemin. \ud83c\udf1f Ces mots de sagesse et de force m&rsquo;accompagnent au quotidien, m&rsquo;offrant soutien et s\u00e9r\u00e9nit\u00e9 dans chaque \u00e9tape de ma vie. Puissent-ils vous inspirer autant qu&rsquo;ils m&rsquo;apaisent. \u2728 Avec toute ma tendresse, Sandy \ud83d\udc95 Lorsqu&rsquo;on sait prendre soin de sa propre lumi\u00e8re, on n&rsquo;a pas le temps&hellip; <br \/> <a class=\"read-more\" href=\"https:\/\/lejournaldesandy.fr\/?page_id=947\">Lire la suite<\/a><\/p>\n","protected":false},"author":1,"featured_media":0,"parent":30,"menu_order":2,"comment_status":"closed","ping_status":"closed","template":"","meta":{"_crdt_document":"","footnotes":""},"class_list":["post-947","page","type-page","status-publish","hentry"],"yoast_head":"<!-- This site is optimized with the Yoast SEO plugin v27.4 - https:\/\/yoast.com\/product\/yoast-seo-wordpress\/ -->\n<title>Citations diverses - le journal de Sandy<\/title>\n<meta name=\"robots\" content=\"index, follow, max-snippet:-1, max-image-preview:large, max-video-preview:-1\" \/>\n<link rel=\"canonical\" href=\"https:\/\/lejournaldesandy.fr\/?page_id=947\" \/>\n<meta property=\"og:locale\" content=\"fr_FR\" \/>\n<meta property=\"og:type\" content=\"article\" \/>\n<meta property=\"og:title\" content=\"Citations diverses - le journal de Sandy\" \/>\n<meta property=\"og:description\" content=\"D\u00e9couvrez ici les citations qui illuminent mon chemin. \ud83c\udf1f Ces mots de sagesse et de force m&rsquo;accompagnent au quotidien, m&rsquo;offrant soutien et s\u00e9r\u00e9nit\u00e9 dans chaque \u00e9tape de ma vie. Puissent-ils vous inspirer autant qu&rsquo;ils m&rsquo;apaisent. \u2728 Avec toute ma tendresse, Sandy \ud83d\udc95 Lorsqu&rsquo;on sait prendre soin de sa propre lumi\u00e8re, on n&rsquo;a pas le temps&hellip; Lire la suite\" \/>\n<meta property=\"og:url\" content=\"https:\/\/lejournaldesandy.fr\/?page_id=947\" \/>\n<meta property=\"og:site_name\" content=\"le journal de Sandy\" \/>\n<meta property=\"article:modified_time\" content=\"2026-04-08T17:42:24+00:00\" \/>\n<meta property=\"og:image\" content=\"https:\/\/lejournaldesandy.fr\/wp-content\/uploads\/2024\/02\/trait-deco1.2.png\" \/>\n<meta name=\"twitter:card\" content=\"summary_large_image\" \/>\n<meta name=\"twitter:label1\" content=\"Dur\u00e9e de lecture estim\u00e9e\" \/>\n\t<meta name=\"twitter:data1\" content=\"2 minutes\" \/>\n<script type=\"application\/ld+json\" class=\"yoast-schema-graph\">{\"@context\":\"https:\\\/\\\/schema.org\",\"@graph\":[{\"@type\":\"WebPage\",\"@id\":\"https:\\\/\\\/lejournaldesandy.fr\\\/?page_id=947\",\"url\":\"https:\\\/\\\/lejournaldesandy.fr\\\/?page_id=947\",\"name\":\"Citations diverses - le journal de Sandy\",\"isPartOf\":{\"@id\":\"https:\\\/\\\/lejournaldesandy.fr\\\/#website\"},\"primaryImageOfPage\":{\"@id\":\"https:\\\/\\\/lejournaldesandy.fr\\\/?page_id=947#primaryimage\"},\"image\":{\"@id\":\"https:\\\/\\\/lejournaldesandy.fr\\\/?page_id=947#primaryimage\"},\"thumbnailUrl\":\"https:\\\/\\\/lejournaldesandy.fr\\\/wp-content\\\/uploads\\\/2024\\\/02\\\/trait-deco1.2.png\",\"datePublished\":\"2024-02-14T23:40:35+00:00\",\"dateModified\":\"2026-04-08T17:42:24+00:00\",\"breadcrumb\":{\"@id\":\"https:\\\/\\\/lejournaldesandy.fr\\\/?page_id=947#breadcrumb\"},\"inLanguage\":\"fr-FR\",\"potentialAction\":[{\"@type\":\"ReadAction\",\"target\":[\"https:\\\/\\\/lejournaldesandy.fr\\\/?page_id=947\"]}]},{\"@type\":\"ImageObject\",\"inLanguage\":\"fr-FR\",\"@id\":\"https:\\\/\\\/lejournaldesandy.fr\\\/?page_id=947#primaryimage\",\"url\":\"https:\\\/\\\/i0.wp.com\\\/lejournaldesandy.fr\\\/wp-content\\\/uploads\\\/2024\\\/02\\\/trait-deco1.2.png?fit=593%2C107&ssl=1\",\"contentUrl\":\"https:\\\/\\\/i0.wp.com\\\/lejournaldesandy.fr\\\/wp-content\\\/uploads\\\/2024\\\/02\\\/trait-deco1.2.png?fit=593%2C107&ssl=1\",\"width\":593,\"height\":107},{\"@type\":\"BreadcrumbList\",\"@id\":\"https:\\\/\\\/lejournaldesandy.fr\\\/?page_id=947#breadcrumb\",\"itemListElement\":[{\"@type\":\"ListItem\",\"position\":1,\"name\":\"Accueil\",\"item\":\"https:\\\/\\\/lejournaldesandy.fr\\\/\"},{\"@type\":\"ListItem\",\"position\":2,\"name\":\"Au fil de mes pens\u00e9es\",\"item\":\"https:\\\/\\\/lejournaldesandy.fr\\\/?page_id=30\"},{\"@type\":\"ListItem\",\"position\":3,\"name\":\"Citations diverses\"}]},{\"@type\":\"WebSite\",\"@id\":\"https:\\\/\\\/lejournaldesandy.fr\\\/#website\",\"url\":\"https:\\\/\\\/lejournaldesandy.fr\\\/\",\"name\":\"le journal de Sandy\",\"description\":\"biographie; transition; MtF\",\"publisher\":{\"@id\":\"https:\\\/\\\/lejournaldesandy.fr\\\/#\\\/schema\\\/person\\\/3ac659e98587e504c234a67a929b1c43\"},\"potentialAction\":[{\"@type\":\"SearchAction\",\"target\":{\"@type\":\"EntryPoint\",\"urlTemplate\":\"https:\\\/\\\/lejournaldesandy.fr\\\/?s={search_term_string}\"},\"query-input\":{\"@type\":\"PropertyValueSpecification\",\"valueRequired\":true,\"valueName\":\"search_term_string\"}}],\"inLanguage\":\"fr-FR\"},{\"@type\":[\"Person\",\"Organization\"],\"@id\":\"https:\\\/\\\/lejournaldesandy.fr\\\/#\\\/schema\\\/person\\\/3ac659e98587e504c234a67a929b1c43\",\"name\":\"Sandy\",\"image\":{\"@type\":\"ImageObject\",\"inLanguage\":\"fr-FR\",\"@id\":\"https:\\\/\\\/i0.wp.com\\\/lejournaldesandy.fr\\\/wp-content\\\/uploads\\\/2023\\\/12\\\/cropped-Logo-2048-Copie-Petite-Icone-site.png?fit=512%2C512&ssl=1\",\"url\":\"https:\\\/\\\/i0.wp.com\\\/lejournaldesandy.fr\\\/wp-content\\\/uploads\\\/2023\\\/12\\\/cropped-Logo-2048-Copie-Petite-Icone-site.png?fit=512%2C512&ssl=1\",\"contentUrl\":\"https:\\\/\\\/i0.wp.com\\\/lejournaldesandy.fr\\\/wp-content\\\/uploads\\\/2023\\\/12\\\/cropped-Logo-2048-Copie-Petite-Icone-site.png?fit=512%2C512&ssl=1\",\"width\":512,\"height\":512,\"caption\":\"Sandy\"},\"logo\":{\"@id\":\"https:\\\/\\\/i0.wp.com\\\/lejournaldesandy.fr\\\/wp-content\\\/uploads\\\/2023\\\/12\\\/cropped-Logo-2048-Copie-Petite-Icone-site.png?fit=512%2C512&ssl=1\"},\"sameAs\":[\"http:\\\/\\\/lejournaldesandy.fr\"]}]}<\/script>\n<!-- \/ Yoast SEO plugin. -->","yoast_head_json":{"title":"Citations diverses - le journal de Sandy","robots":{"index":"index","follow":"follow","max-snippet":"max-snippet:-1","max-image-preview":"max-image-preview:large","max-video-preview":"max-video-preview:-1"},"canonical":"https:\/\/lejournaldesandy.fr\/?page_id=947","og_locale":"fr_FR","og_type":"article","og_title":"Citations diverses - le journal de Sandy","og_description":"D\u00e9couvrez ici les citations qui illuminent mon chemin. \ud83c\udf1f Ces mots de sagesse et de force m&rsquo;accompagnent au quotidien, m&rsquo;offrant soutien et s\u00e9r\u00e9nit\u00e9 dans chaque \u00e9tape de ma vie. Puissent-ils vous inspirer autant qu&rsquo;ils m&rsquo;apaisent. \u2728 Avec toute ma tendresse, Sandy \ud83d\udc95 Lorsqu&rsquo;on sait prendre soin de sa propre lumi\u00e8re, on n&rsquo;a pas le temps&hellip; Lire la suite","og_url":"https:\/\/lejournaldesandy.fr\/?page_id=947","og_site_name":"le journal de Sandy","article_modified_time":"2026-04-08T17:42:24+00:00","og_image":[{"url":"https:\/\/lejournaldesandy.fr\/wp-content\/uploads\/2024\/02\/trait-deco1.2.png","type":"","width":"","height":""}],"twitter_card":"summary_large_image","twitter_misc":{"Dur\u00e9e de lecture estim\u00e9e":"2 minutes"},"schema":{"@context":"https:\/\/schema.org","@graph":[{"@type":"WebPage","@id":"https:\/\/lejournaldesandy.fr\/?page_id=947","url":"https:\/\/lejournaldesandy.fr\/?page_id=947","name":"Citations diverses - le journal de Sandy","isPartOf":{"@id":"https:\/\/lejournaldesandy.fr\/#website"},"primaryImageOfPage":{"@id":"https:\/\/lejournaldesandy.fr\/?page_id=947#primaryimage"},"image":{"@id":"https:\/\/lejournaldesandy.fr\/?page_id=947#primaryimage"},"thumbnailUrl":"https:\/\/lejournaldesandy.fr\/wp-content\/uploads\/2024\/02\/trait-deco1.2.png","datePublished":"2024-02-14T23:40:35+00:00","dateModified":"2026-04-08T17:42:24+00:00","breadcrumb":{"@id":"https:\/\/lejournaldesandy.fr\/?page_id=947#breadcrumb"},"inLanguage":"fr-FR","potentialAction":[{"@type":"ReadAction","target":["https:\/\/lejournaldesandy.fr\/?page_id=947"]}]},{"@type":"ImageObject","inLanguage":"fr-FR","@id":"https:\/\/lejournaldesandy.fr\/?page_id=947#primaryimage","url":"https:\/\/i0.wp.com\/lejournaldesandy.fr\/wp-content\/uploads\/2024\/02\/trait-deco1.2.png?fit=593%2C107&ssl=1","contentUrl":"https:\/\/i0.wp.com\/lejournaldesandy.fr\/wp-content\/uploads\/2024\/02\/trait-deco1.2.png?fit=593%2C107&ssl=1","width":593,"height":107},{"@type":"BreadcrumbList","@id":"https:\/\/lejournaldesandy.fr\/?page_id=947#breadcrumb","itemListElement":[{"@type":"ListItem","position":1,"name":"Accueil","item":"https:\/\/lejournaldesandy.fr\/"},{"@type":"ListItem","position":2,"name":"Au fil de mes pens\u00e9es","item":"https:\/\/lejournaldesandy.fr\/?page_id=30"},{"@type":"ListItem","position":3,"name":"Citations diverses"}]},{"@type":"WebSite","@id":"https:\/\/lejournaldesandy.fr\/#website","url":"https:\/\/lejournaldesandy.fr\/","name":"le journal de Sandy","description":"biographie; transition; MtF","publisher":{"@id":"https:\/\/lejournaldesandy.fr\/#\/schema\/person\/3ac659e98587e504c234a67a929b1c43"},"potentialAction":[{"@type":"SearchAction","target":{"@type":"EntryPoint","urlTemplate":"https:\/\/lejournaldesandy.fr\/?s={search_term_string}"},"query-input":{"@type":"PropertyValueSpecification","valueRequired":true,"valueName":"search_term_string"}}],"inLanguage":"fr-FR"},{"@type":["Person","Organization"],"@id":"https:\/\/lejournaldesandy.fr\/#\/schema\/person\/3ac659e98587e504c234a67a929b1c43","name":"Sandy","image":{"@type":"ImageObject","inLanguage":"fr-FR","@id":"https:\/\/i0.wp.com\/lejournaldesandy.fr\/wp-content\/uploads\/2023\/12\/cropped-Logo-2048-Copie-Petite-Icone-site.png?fit=512%2C512&ssl=1","url":"https:\/\/i0.wp.com\/lejournaldesandy.fr\/wp-content\/uploads\/2023\/12\/cropped-Logo-2048-Copie-Petite-Icone-site.png?fit=512%2C512&ssl=1","contentUrl":"https:\/\/i0.wp.com\/lejournaldesandy.fr\/wp-content\/uploads\/2023\/12\/cropped-Logo-2048-Copie-Petite-Icone-site.png?fit=512%2C512&ssl=1","width":512,"height":512,"caption":"Sandy"},"logo":{"@id":"https:\/\/i0.wp.com\/lejournaldesandy.fr\/wp-content\/uploads\/2023\/12\/cropped-Logo-2048-Copie-Petite-Icone-site.png?fit=512%2C512&ssl=1"},"sameAs":["http:\/\/lejournaldesandy.fr"]}]}},"jetpack_sharing_enabled":true,"jetpack_likes_enabled":true,"_links":{"self":[{"href":"https:\/\/lejournaldesandy.fr\/index.php?rest_route=\/wp\/v2\/pages\/947","targetHints":{"allow":["GET"]}}],"collection":[{"href":"https:\/\/lejournaldesandy.fr\/index.php?rest_route=\/wp\/v2\/pages"}],"about":[{"href":"https:\/\/lejournaldesandy.fr\/index.php?rest_route=\/wp\/v2\/types\/page"}],"author":[{"embeddable":true,"href":"https:\/\/lejournaldesandy.fr\/index.php?rest_route=\/wp\/v2\/users\/1"}],"replies":[{"embeddable":true,"href":"https:\/\/lejournaldesandy.fr\/index.php?rest_route=%2Fwp%2Fv2%2Fcomments&post=947"}],"version-history":[{"count":15,"href":"https:\/\/lejournaldesandy.fr\/index.php?rest_route=\/wp\/v2\/pages\/947\/revisions"}],"predecessor-version":[{"id":4040,"href":"https:\/\/lejournaldesandy.fr\/index.php?rest_route=\/wp\/v2\/pages\/947\/revisions\/4040"}],"up":[{"embeddable":true,"href":"https:\/\/lejournaldesandy.fr\/index.php?rest_route=\/wp\/v2\/pages\/30"}],"wp:attachment":[{"href":"https:\/\/lejournaldesandy.fr\/index.php?rest_route=%2Fwp%2Fv2%2Fmedia&parent=947"}],"curies":[{"name":"wp","href":"https:\/\/api.w.org\/{rel}","templated":true}]}}